{"id":105,"date":"2024-08-08T11:50:30","date_gmt":"2024-08-08T09:50:30","guid":{"rendered":"https:\/\/travailetapprentissages.fr\/?page_id=105"},"modified":"2026-02-22T15:39:35","modified_gmt":"2026-02-22T14:39:35","slug":"numeros-parus","status":"publish","type":"page","link":"https:\/\/travailetapprentissages.fr\/?page_id=105","title":{"rendered":"Num\u00e9ros parus"},"content":{"rendered":"\n<div class=\"wp-block-media-text is-stacked-on-mobile\"><figure class=\"wp-block-media-text__media\"><img loading=\"lazy\" decoding=\"async\" width=\"200\" height=\"300\" src=\"https:\/\/travailetapprentissages.fr\/wp-content\/uploads\/2026\/02\/29-varia-2.webp\" alt=\"\" class=\"wp-image-983 size-full\"\/><\/figure><div class=\"wp-block-media-text__content\">\n<p><a href=\"https:\/\/travailetapprentissages.fr\/?p=977\" data-type=\"link\" data-id=\"https:\/\/travailetapprentissages.fr\/?p=977\"><strong>N\u00b0 29 Varia <\/strong>(2025)<\/a><\/p>\n<\/div><\/div>\n\n\n\n<div class=\"wp-block-media-text is-stacked-on-mobile is-vertically-aligned-bottom\"><figure class=\"wp-block-media-text__media\"><a href=\"https:\/\/travailetapprentissages.fr\/?page_id=920\"><img loading=\"lazy\" decoding=\"async\" width=\"182\" height=\"300\" src=\"https:\/\/travailetapprentissages.fr\/wp-content\/uploads\/2025\/12\/Page-garde-n\u00b028-1.webp\" alt=\"\" class=\"wp-image-917 size-full\"\/><\/a><\/figure><div class=\"wp-block-media-text__content\">\n<p><a href=\"https:\/\/travailetapprentissages.fr\/?page_id=920\" data-type=\"page\" data-id=\"920\">N\u00b028 \u00c9laborer une structure conceptuelle en didactique professionnelle : fondements, d\u00e9marches m\u00e9thodologiques et perspectives<\/a><\/p>\n<\/div><\/div>\n\n\n\n<div class=\"wp-block-columns is-layout-flex wp-container-core-columns-is-layout-28f84493 wp-block-columns-is-layout-flex\">\n<div class=\"wp-block-column is-layout-flow wp-block-column-is-layout-flow\">\n<figure class=\"wp-block-image size-full\"><a href=\"https:\/\/travailetapprentissages.fr\/?attachment_id=921\"><img loading=\"lazy\" decoding=\"async\" width=\"200\" height=\"300\" src=\"https:\/\/travailetapprentissages.fr\/wp-content\/uploads\/2025\/12\/Page-de-garde-n\u00b027.webp\" alt=\"\" class=\"wp-image-921\"\/><\/a><figcaption class=\"wp-element-caption\"><strong><a href=\"https:\/\/travailetapprentissages.fr\/?page_id=952\" data-type=\"page\" data-id=\"952\">N\u00b0 27. Varia (2024)<\/a><\/strong><\/figcaption><\/figure>\n<\/div>\n\n\n\n<div class=\"wp-block-column is-layout-flow wp-block-column-is-layout-flow\">\n<div class=\"wp-block-group is-nowrap is-layout-flex wp-container-core-group-is-layout-6c531013 wp-block-group-is-layout-flex\">\n<figure class=\"wp-block-image aligncenter size-full is-resized\"><a href=\"https:\/\/travailetapprentissages.fr\/?page_id=142\"><img loading=\"lazy\" decoding=\"async\" width=\"242\" height=\"362\" src=\"https:\/\/travailetapprentissages.fr\/wp-content\/uploads\/2024\/08\/revue-26.png\" alt=\"\" class=\"wp-image-141\" style=\"width:184px;height:auto\" srcset=\"https:\/\/travailetapprentissages.fr\/wp-content\/uploads\/2024\/08\/revue-26.png 242w, https:\/\/travailetapprentissages.fr\/wp-content\/uploads\/2024\/08\/revue-26-201x300.png 201w\" sizes=\"auto, (max-width: 242px) 100vw, 242px\" \/><\/a><figcaption class=\"wp-element-caption\"><strong><a href=\"https:\/\/travailetapprentissages.fr\/?page_id=142\" data-type=\"page\" data-id=\"142\">N\u00b026. Quelle \u00e9valuation pour les \u00ab&nbsp;\u00e9ducations \u00e0&nbsp;\u00bb&nbsp;? Cadres, enjeux, pistes et limites<\/a> <\/strong>(2023)<\/figcaption><\/figure>\n<\/div>\n<\/div>\n\n\n\n<div class=\"wp-block-column is-layout-flow wp-block-column-is-layout-flow\">\n<figure class=\"wp-block-image aligncenter size-full is-resized\"><a href=\"https:\/\/travailetapprentissages.fr\/?page_id=124\"><img loading=\"lazy\" decoding=\"async\" width=\"466\" height=\"700\" src=\"https:\/\/travailetapprentissages.fr\/wp-content\/uploads\/2024\/08\/revue-25-1.png\" alt=\"\" class=\"wp-image-184\" style=\"width:183px;height:auto\" srcset=\"https:\/\/travailetapprentissages.fr\/wp-content\/uploads\/2024\/08\/revue-25-1.png 466w, https:\/\/travailetapprentissages.fr\/wp-content\/uploads\/2024\/08\/revue-25-1-200x300.png 200w\" sizes=\"auto, (max-width: 466px) 100vw, 466px\" \/><\/a><figcaption class=\"wp-element-caption\"><strong><a href=\"https:\/\/travailetapprentissages.fr\/?page_id=124\" data-type=\"page\" data-id=\"124\">N\u00b025. Didactiques pour la formation professionnelle<\/a><\/strong> (2023)<\/figcaption><\/figure>\n<\/div>\n<\/div>\n\n\n\n<div style=\"height:25px\" aria-hidden=\"true\" class=\"wp-block-spacer\"><\/div>\n\n\n\n<div class=\"wp-block-columns alignwide is-layout-flex wp-container-core-columns-is-layout-28f84493 wp-block-columns-is-layout-flex\">\n<div class=\"wp-block-column is-layout-flow wp-block-column-is-layout-flow\"><\/div>\n\n\n\n<div class=\"wp-block-column is-layout-flow wp-block-column-is-layout-flow\">\n<figure class=\"wp-block-image aligncenter size-full is-resized\"><a href=\"https:\/\/travailetapprentissages.fr\/?page_id=186\"><img loading=\"lazy\" decoding=\"async\" width=\"472\" height=\"756\" src=\"https:\/\/travailetapprentissages.fr\/wp-content\/uploads\/2024\/08\/revue-24.png\" alt=\"\" class=\"wp-image-164\" style=\"width:166px;height:auto\" srcset=\"https:\/\/travailetapprentissages.fr\/wp-content\/uploads\/2024\/08\/revue-24.png 472w, https:\/\/travailetapprentissages.fr\/wp-content\/uploads\/2024\/08\/revue-24-187x300.png 187w\" sizes=\"auto, (max-width: 472px) 100vw, 472px\" \/><\/a><figcaption class=\"wp-element-caption\"><strong><a href=\"https:\/\/travailetapprentissages.fr\/?page_id=186\" data-type=\"page\" data-id=\"186\">N\u00b024. Varia<\/a><\/strong> (2022)<\/figcaption><\/figure>\n<\/div>\n\n\n\n<div class=\"wp-block-column is-layout-flow wp-block-column-is-layout-flow\">\n<figure class=\"wp-block-image aligncenter size-full is-resized\"><a href=\"https:\/\/travailetapprentissages.fr\/?page_id=190\"><img loading=\"lazy\" decoding=\"async\" width=\"452\" height=\"680\" src=\"https:\/\/travailetapprentissages.fr\/wp-content\/uploads\/2024\/08\/revue-23.png\" alt=\"\" class=\"wp-image-169\" style=\"width:178px;height:auto\" srcset=\"https:\/\/travailetapprentissages.fr\/wp-content\/uploads\/2024\/08\/revue-23.png 452w, https:\/\/travailetapprentissages.fr\/wp-content\/uploads\/2024\/08\/revue-23-199x300.png 199w\" sizes=\"auto, (max-width: 452px) 100vw, 452px\" \/><\/a><figcaption class=\"wp-element-caption\"><strong><a href=\"https:\/\/travailetapprentissages.fr\/?page_id=190\" data-type=\"page\" data-id=\"190\">N\u00b023. Environnement capacitant&nbsp;: regard pluriel<\/a> <\/strong>(2022)<\/figcaption><\/figure>\n<\/div>\n\n\n\n<div class=\"wp-block-column is-layout-flow wp-block-column-is-layout-flow\">\n<figure class=\"wp-block-image aligncenter size-full is-resized\"><a href=\"https:\/\/travailetapprentissages.fr\/?page_id=213\"><img loading=\"lazy\" decoding=\"async\" width=\"1749\" height=\"2560\" src=\"https:\/\/travailetapprentissages.fr\/wp-content\/uploads\/2024\/08\/22-001-2-1-scaled.jpg\" alt=\"\" class=\"wp-image-474\" style=\"width:184px;height:auto\" srcset=\"https:\/\/travailetapprentissages.fr\/wp-content\/uploads\/2024\/08\/22-001-2-1-scaled.jpg 1749w, https:\/\/travailetapprentissages.fr\/wp-content\/uploads\/2024\/08\/22-001-2-1-205x300.jpg 205w, https:\/\/travailetapprentissages.fr\/wp-content\/uploads\/2024\/08\/22-001-2-1-699x1024.jpg 699w, https:\/\/travailetapprentissages.fr\/wp-content\/uploads\/2024\/08\/22-001-2-1-768x1124.jpg 768w, https:\/\/travailetapprentissages.fr\/wp-content\/uploads\/2024\/08\/22-001-2-1-1049x1536.jpg 1049w, https:\/\/travailetapprentissages.fr\/wp-content\/uploads\/2024\/08\/22-001-2-1-1399x2048.jpg 1399w\" sizes=\"auto, (max-width: 1749px) 100vw, 1749px\" \/><\/a><figcaption class=\"wp-element-caption\"><strong><a href=\"https:\/\/travailetapprentissages.fr\/?page_id=213\" data-type=\"page\" data-id=\"213\">N\u00b022. Former et d\u00e9velopper l\u2019intelligence professionnelle<\/a><\/strong> (2021)<\/figcaption><\/figure>\n<\/div>\n\n\n\n<div class=\"wp-block-column is-layout-flow wp-block-column-is-layout-flow\">\n<figure class=\"wp-block-image aligncenter size-full is-resized\"><a href=\"https:\/\/travailetapprentissages.fr\/?page_id=217\"><img loading=\"lazy\" decoding=\"async\" width=\"1768\" height=\"2560\" src=\"https:\/\/travailetapprentissages.fr\/wp-content\/uploads\/2024\/08\/21-001-2-scaled.jpg\" alt=\"\" class=\"wp-image-462\" style=\"width:187px;height:auto\" srcset=\"https:\/\/travailetapprentissages.fr\/wp-content\/uploads\/2024\/08\/21-001-2-scaled.jpg 1768w, https:\/\/travailetapprentissages.fr\/wp-content\/uploads\/2024\/08\/21-001-2-207x300.jpg 207w, https:\/\/travailetapprentissages.fr\/wp-content\/uploads\/2024\/08\/21-001-2-707x1024.jpg 707w, https:\/\/travailetapprentissages.fr\/wp-content\/uploads\/2024\/08\/21-001-2-768x1112.jpg 768w, https:\/\/travailetapprentissages.fr\/wp-content\/uploads\/2024\/08\/21-001-2-1061x1536.jpg 1061w, https:\/\/travailetapprentissages.fr\/wp-content\/uploads\/2024\/08\/21-001-2-1414x2048.jpg 1414w\" sizes=\"auto, (max-width: 1768px) 100vw, 1768px\" \/><\/a><figcaption class=\"wp-element-caption\"><strong><a href=\"https:\/\/travailetapprentissages.fr\/?page_id=217\" data-type=\"page\" data-id=\"217\">N\u00b021. Ce que l\u2019analyse du travail fait au travail&nbsp;: celui des intervenants et celui de leurs interlocuteurs<\/a> <\/strong>(2020)<\/figcaption><\/figure>\n<\/div>\n<\/div>\n\n\n\n<div class=\"wp-block-group alignwide has-global-padding is-layout-constrained wp-block-group-is-layout-constrained\">\n<div class=\"wp-block-columns alignwide is-layout-flex wp-container-core-columns-is-layout-28f84493 wp-block-columns-is-layout-flex\">\n<div class=\"wp-block-column is-layout-flow wp-block-column-is-layout-flow\">\n<figure class=\"wp-block-image aligncenter size-full is-resized\"><a href=\"https:\/\/travailetapprentissages.fr\/?page_id=237\"><img loading=\"lazy\" decoding=\"async\" width=\"1746\" height=\"2560\" src=\"https:\/\/travailetapprentissages.fr\/wp-content\/uploads\/2024\/08\/20-001-2-scaled.jpg\" alt=\"\" class=\"wp-image-461\" style=\"width:186px;height:auto\" srcset=\"https:\/\/travailetapprentissages.fr\/wp-content\/uploads\/2024\/08\/20-001-2-scaled.jpg 1746w, https:\/\/travailetapprentissages.fr\/wp-content\/uploads\/2024\/08\/20-001-2-205x300.jpg 205w, https:\/\/travailetapprentissages.fr\/wp-content\/uploads\/2024\/08\/20-001-2-698x1024.jpg 698w, https:\/\/travailetapprentissages.fr\/wp-content\/uploads\/2024\/08\/20-001-2-768x1126.jpg 768w, https:\/\/travailetapprentissages.fr\/wp-content\/uploads\/2024\/08\/20-001-2-1047x1536.jpg 1047w, https:\/\/travailetapprentissages.fr\/wp-content\/uploads\/2024\/08\/20-001-2-1397x2048.jpg 1397w\" sizes=\"auto, (max-width: 1746px) 100vw, 1746px\" \/><\/a><figcaption class=\"wp-element-caption\"><strong><a href=\"https:\/\/travailetapprentissages.fr\/?page_id=237\" data-type=\"page\" data-id=\"237\">N\u00b020. Varia<\/a><\/strong> (2020)<\/figcaption><\/figure>\n<\/div>\n\n\n\n<div class=\"wp-block-column is-layout-flow wp-block-column-is-layout-flow\">\n<figure class=\"wp-block-image aligncenter size-full is-resized\"><a href=\"https:\/\/travailetapprentissages.fr\/?page_id=245\"><img loading=\"lazy\" decoding=\"async\" width=\"1747\" height=\"2560\" src=\"https:\/\/travailetapprentissages.fr\/wp-content\/uploads\/2024\/08\/19-001-2-1-scaled.jpg\" alt=\"\" class=\"wp-image-472\" style=\"width:187px;height:auto\" srcset=\"https:\/\/travailetapprentissages.fr\/wp-content\/uploads\/2024\/08\/19-001-2-1-scaled.jpg 1747w, https:\/\/travailetapprentissages.fr\/wp-content\/uploads\/2024\/08\/19-001-2-1-205x300.jpg 205w, https:\/\/travailetapprentissages.fr\/wp-content\/uploads\/2024\/08\/19-001-2-1-699x1024.jpg 699w, https:\/\/travailetapprentissages.fr\/wp-content\/uploads\/2024\/08\/19-001-2-1-768x1125.jpg 768w, https:\/\/travailetapprentissages.fr\/wp-content\/uploads\/2024\/08\/19-001-2-1-1048x1536.jpg 1048w, https:\/\/travailetapprentissages.fr\/wp-content\/uploads\/2024\/08\/19-001-2-1-1398x2048.jpg 1398w\" sizes=\"auto, (max-width: 1747px) 100vw, 1747px\" \/><\/a><figcaption class=\"wp-element-caption\"><strong><a href=\"https:\/\/travailetapprentissages.fr\/?page_id=245\" data-type=\"page\" data-id=\"245\">N\u00b019. M\u00e9tier(s) du travail social en analyse(s)<\/a><\/strong> (2017)<\/figcaption><\/figure>\n<\/div>\n\n\n\n<div class=\"wp-block-column is-layout-flow wp-block-column-is-layout-flow\">\n<figure class=\"wp-block-image aligncenter size-full is-resized\"><a href=\"https:\/\/travailetapprentissages.fr\/?page_id=259\"><img loading=\"lazy\" decoding=\"async\" width=\"1726\" height=\"2560\" src=\"https:\/\/travailetapprentissages.fr\/wp-content\/uploads\/2024\/08\/18-001-2-scaled.jpg\" alt=\"\" class=\"wp-image-459\" style=\"width:184px;height:auto\" srcset=\"https:\/\/travailetapprentissages.fr\/wp-content\/uploads\/2024\/08\/18-001-2-scaled.jpg 1726w, https:\/\/travailetapprentissages.fr\/wp-content\/uploads\/2024\/08\/18-001-2-202x300.jpg 202w, https:\/\/travailetapprentissages.fr\/wp-content\/uploads\/2024\/08\/18-001-2-690x1024.jpg 690w, https:\/\/travailetapprentissages.fr\/wp-content\/uploads\/2024\/08\/18-001-2-768x1139.jpg 768w, https:\/\/travailetapprentissages.fr\/wp-content\/uploads\/2024\/08\/18-001-2-1035x1536.jpg 1035w, https:\/\/travailetapprentissages.fr\/wp-content\/uploads\/2024\/08\/18-001-2-1381x2048.jpg 1381w\" sizes=\"auto, (max-width: 1726px) 100vw, 1726px\" \/><\/a><figcaption class=\"wp-element-caption\"><strong><a href=\"https:\/\/travailetapprentissages.fr\/?page_id=259\" data-type=\"page\" data-id=\"259\">N\u00b018. Varia<\/a><\/strong> (2016)<\/figcaption><\/figure>\n<\/div>\n\n\n\n<div class=\"wp-block-column is-layout-flow wp-block-column-is-layout-flow\">\n<figure class=\"wp-block-image aligncenter size-full is-resized\"><a href=\"https:\/\/travailetapprentissages.fr\/?page_id=315\"><img loading=\"lazy\" decoding=\"async\" width=\"1733\" height=\"2560\" src=\"https:\/\/travailetapprentissages.fr\/wp-content\/uploads\/2024\/08\/17-001-2-scaled.jpg\" alt=\"\" class=\"wp-image-458\" style=\"width:185px;height:auto\" srcset=\"https:\/\/travailetapprentissages.fr\/wp-content\/uploads\/2024\/08\/17-001-2-scaled.jpg 1733w, https:\/\/travailetapprentissages.fr\/wp-content\/uploads\/2024\/08\/17-001-2-203x300.jpg 203w, https:\/\/travailetapprentissages.fr\/wp-content\/uploads\/2024\/08\/17-001-2-693x1024.jpg 693w, https:\/\/travailetapprentissages.fr\/wp-content\/uploads\/2024\/08\/17-001-2-768x1134.jpg 768w, https:\/\/travailetapprentissages.fr\/wp-content\/uploads\/2024\/08\/17-001-2-1040x1536.jpg 1040w, https:\/\/travailetapprentissages.fr\/wp-content\/uploads\/2024\/08\/17-001-2-1387x2048.jpg 1387w\" sizes=\"auto, (max-width: 1733px) 100vw, 1733px\" \/><\/a><figcaption class=\"wp-element-caption\"><strong><a href=\"https:\/\/travailetapprentissages.fr\/?page_id=315\" data-type=\"page\" data-id=\"315\">N\u00b017. Le formateur face \u00e0 l&rsquo;activit\u00e9 et son analyse : enjeux, \u00e9cueils et perspectives<\/a> <\/strong>(2016)<\/figcaption><\/figure>\n<\/div>\n<\/div>\n<\/div>\n\n\n\n<div class=\"wp-block-columns alignwide is-layout-flex wp-container-core-columns-is-layout-28f84493 wp-block-columns-is-layout-flex\">\n<div class=\"wp-block-column is-layout-flow wp-block-column-is-layout-flow\">\n<figure class=\"wp-block-image aligncenter size-full is-resized\"><a href=\"https:\/\/travailetapprentissages.fr\/?page_id=318\"><img loading=\"lazy\" decoding=\"async\" width=\"1755\" height=\"2560\" src=\"https:\/\/travailetapprentissages.fr\/wp-content\/uploads\/2024\/08\/16-001-2-scaled.jpg\" alt=\"\" class=\"wp-image-457\" style=\"width:184px;height:auto\" srcset=\"https:\/\/travailetapprentissages.fr\/wp-content\/uploads\/2024\/08\/16-001-2-scaled.jpg 1755w, https:\/\/travailetapprentissages.fr\/wp-content\/uploads\/2024\/08\/16-001-2-206x300.jpg 206w, https:\/\/travailetapprentissages.fr\/wp-content\/uploads\/2024\/08\/16-001-2-702x1024.jpg 702w, https:\/\/travailetapprentissages.fr\/wp-content\/uploads\/2024\/08\/16-001-2-768x1120.jpg 768w, https:\/\/travailetapprentissages.fr\/wp-content\/uploads\/2024\/08\/16-001-2-1053x1536.jpg 1053w, https:\/\/travailetapprentissages.fr\/wp-content\/uploads\/2024\/08\/16-001-2-1404x2048.jpg 1404w\" sizes=\"auto, (max-width: 1755px) 100vw, 1755px\" \/><\/a><figcaption class=\"wp-element-caption\"><strong><a href=\"https:\/\/travailetapprentissages.fr\/?page_id=318\" data-type=\"page\" data-id=\"318\">N\u00b016. Travail, \u00e9ducation et mouvements sociaux au Br\u00e9sil<\/a> <\/strong>(2015)<\/figcaption><\/figure>\n<\/div>\n\n\n\n<div class=\"wp-block-column is-layout-flow wp-block-column-is-layout-flow\">\n<figure class=\"wp-block-image aligncenter size-full is-resized\"><a href=\"https:\/\/travailetapprentissages.fr\/?page_id=322\"><img loading=\"lazy\" decoding=\"async\" width=\"1777\" height=\"2560\" src=\"https:\/\/travailetapprentissages.fr\/wp-content\/uploads\/2024\/08\/15-001-2-scaled.jpg\" alt=\"\" class=\"wp-image-456\" style=\"width:185px;height:auto\" srcset=\"https:\/\/travailetapprentissages.fr\/wp-content\/uploads\/2024\/08\/15-001-2-scaled.jpg 1777w, https:\/\/travailetapprentissages.fr\/wp-content\/uploads\/2024\/08\/15-001-2-208x300.jpg 208w, https:\/\/travailetapprentissages.fr\/wp-content\/uploads\/2024\/08\/15-001-2-711x1024.jpg 711w, https:\/\/travailetapprentissages.fr\/wp-content\/uploads\/2024\/08\/15-001-2-768x1107.jpg 768w, https:\/\/travailetapprentissages.fr\/wp-content\/uploads\/2024\/08\/15-001-2-1066x1536.jpg 1066w, https:\/\/travailetapprentissages.fr\/wp-content\/uploads\/2024\/08\/15-001-2-1421x2048.jpg 1421w\" sizes=\"auto, (max-width: 1777px) 100vw, 1777px\" \/><\/a><figcaption class=\"wp-element-caption\"><strong><a href=\"https:\/\/travailetapprentissages.fr\/?page_id=322\" data-type=\"page\" data-id=\"322\">N\u00b015. Varia<\/a><\/strong> (2015)<\/figcaption><\/figure>\n<\/div>\n\n\n\n<div class=\"wp-block-column is-layout-flow wp-block-column-is-layout-flow\">\n<figure class=\"wp-block-image aligncenter size-full is-resized\"><a href=\"https:\/\/travailetapprentissages.fr\/?page_id=325\"><img loading=\"lazy\" decoding=\"async\" width=\"1744\" height=\"2560\" src=\"https:\/\/travailetapprentissages.fr\/wp-content\/uploads\/2024\/08\/14-001-2-scaled.jpg\" alt=\"\" class=\"wp-image-455\" style=\"width:183px;height:auto\" srcset=\"https:\/\/travailetapprentissages.fr\/wp-content\/uploads\/2024\/08\/14-001-2-scaled.jpg 1744w, https:\/\/travailetapprentissages.fr\/wp-content\/uploads\/2024\/08\/14-001-2-204x300.jpg 204w, https:\/\/travailetapprentissages.fr\/wp-content\/uploads\/2024\/08\/14-001-2-698x1024.jpg 698w, https:\/\/travailetapprentissages.fr\/wp-content\/uploads\/2024\/08\/14-001-2-768x1127.jpg 768w, https:\/\/travailetapprentissages.fr\/wp-content\/uploads\/2024\/08\/14-001-2-1046x1536.jpg 1046w, https:\/\/travailetapprentissages.fr\/wp-content\/uploads\/2024\/08\/14-001-2-1395x2048.jpg 1395w\" sizes=\"auto, (max-width: 1744px) 100vw, 1744px\" \/><\/a><figcaption class=\"wp-element-caption\"><strong><a href=\"https:\/\/travailetapprentissages.fr\/?page_id=325\" data-type=\"page\" data-id=\"325\">N\u00b014. La place des contenus dans l&rsquo;activit\u00e9 d&rsquo;accompagnement en situations d&rsquo;apprentissages<\/a><\/strong> (2014)<\/figcaption><\/figure>\n<\/div>\n\n\n\n<div class=\"wp-block-column is-layout-flow wp-block-column-is-layout-flow\">\n<figure class=\"wp-block-image aligncenter size-full is-resized\"><a href=\"https:\/\/travailetapprentissages.fr\/?page_id=311\"><img loading=\"lazy\" decoding=\"async\" width=\"1760\" height=\"2560\" src=\"https:\/\/travailetapprentissages.fr\/wp-content\/uploads\/2024\/08\/13-001-2-scaled.jpg\" alt=\"\" class=\"wp-image-454\" style=\"width:184px;height:auto\" srcset=\"https:\/\/travailetapprentissages.fr\/wp-content\/uploads\/2024\/08\/13-001-2-scaled.jpg 1760w, https:\/\/travailetapprentissages.fr\/wp-content\/uploads\/2024\/08\/13-001-2-206x300.jpg 206w, https:\/\/travailetapprentissages.fr\/wp-content\/uploads\/2024\/08\/13-001-2-704x1024.jpg 704w, https:\/\/travailetapprentissages.fr\/wp-content\/uploads\/2024\/08\/13-001-2-768x1117.jpg 768w, https:\/\/travailetapprentissages.fr\/wp-content\/uploads\/2024\/08\/13-001-2-1056x1536.jpg 1056w, https:\/\/travailetapprentissages.fr\/wp-content\/uploads\/2024\/08\/13-001-2-1408x2048.jpg 1408w\" sizes=\"auto, (max-width: 1760px) 100vw, 1760px\" \/><\/a><figcaption class=\"wp-element-caption\"><strong><a href=\"https:\/\/travailetapprentissages.fr\/?page_id=311\" data-type=\"page\" data-id=\"311\">N\u00b013. Perspectives en didactique professionnelle<\/a> <\/strong>(2014)<\/figcaption><\/figure>\n<\/div>\n<\/div>\n\n\n\n<div class=\"wp-block-columns alignwide is-layout-flex wp-container-core-columns-is-layout-28f84493 wp-block-columns-is-layout-flex\">\n<div class=\"wp-block-column is-layout-flow wp-block-column-is-layout-flow\">\n<figure class=\"wp-block-image aligncenter size-full is-resized\"><a href=\"https:\/\/travailetapprentissages.fr\/?page_id=381\"><img loading=\"lazy\" decoding=\"async\" width=\"1745\" height=\"2560\" src=\"https:\/\/travailetapprentissages.fr\/wp-content\/uploads\/2024\/08\/12-001-2-1-scaled.jpg\" alt=\"\" class=\"wp-image-473\" style=\"width:193px;height:auto\" srcset=\"https:\/\/travailetapprentissages.fr\/wp-content\/uploads\/2024\/08\/12-001-2-1-scaled.jpg 1745w, https:\/\/travailetapprentissages.fr\/wp-content\/uploads\/2024\/08\/12-001-2-1-204x300.jpg 204w, https:\/\/travailetapprentissages.fr\/wp-content\/uploads\/2024\/08\/12-001-2-1-698x1024.jpg 698w, https:\/\/travailetapprentissages.fr\/wp-content\/uploads\/2024\/08\/12-001-2-1-768x1127.jpg 768w, https:\/\/travailetapprentissages.fr\/wp-content\/uploads\/2024\/08\/12-001-2-1-1047x1536.jpg 1047w, https:\/\/travailetapprentissages.fr\/wp-content\/uploads\/2024\/08\/12-001-2-1-1396x2048.jpg 1396w\" sizes=\"auto, (max-width: 1745px) 100vw, 1745px\" \/><\/a><figcaption class=\"wp-element-caption\"><strong><a href=\"https:\/\/travailetapprentissages.fr\/?page_id=381\" data-type=\"page\" data-id=\"381\">N\u00b012. Exp\u00e9rience, apprentissage et processus d\u2019\u00e9mancipation<\/a><\/strong> (2013)<\/figcaption><\/figure>\n<\/div>\n\n\n\n<div class=\"wp-block-column is-layout-flow wp-block-column-is-layout-flow\">\n<figure class=\"wp-block-image aligncenter size-full is-resized\"><a href=\"https:\/\/travailetapprentissages.fr\/?page_id=386\"><img loading=\"lazy\" decoding=\"async\" width=\"1739\" height=\"2560\" src=\"https:\/\/travailetapprentissages.fr\/wp-content\/uploads\/2024\/08\/11-001-2-scaled.jpg\" alt=\"\" class=\"wp-image-452\" style=\"width:190px;height:auto\" srcset=\"https:\/\/travailetapprentissages.fr\/wp-content\/uploads\/2024\/08\/11-001-2-scaled.jpg 1739w, https:\/\/travailetapprentissages.fr\/wp-content\/uploads\/2024\/08\/11-001-2-204x300.jpg 204w, https:\/\/travailetapprentissages.fr\/wp-content\/uploads\/2024\/08\/11-001-2-696x1024.jpg 696w, https:\/\/travailetapprentissages.fr\/wp-content\/uploads\/2024\/08\/11-001-2-768x1131.jpg 768w, https:\/\/travailetapprentissages.fr\/wp-content\/uploads\/2024\/08\/11-001-2-1043x1536.jpg 1043w, https:\/\/travailetapprentissages.fr\/wp-content\/uploads\/2024\/08\/11-001-2-1391x2048.jpg 1391w\" sizes=\"auto, (max-width: 1739px) 100vw, 1739px\" \/><\/a><figcaption class=\"wp-element-caption\"><strong><a href=\"https:\/\/travailetapprentissages.fr\/?page_id=386\" data-type=\"page\" data-id=\"386\">N\u00b011. La relation dans le travail et la formation&nbsp;: objet d\u2019analyse et d\u2019apprentissages<\/a><\/strong> (2013)<\/figcaption><\/figure>\n<\/div>\n\n\n\n<div class=\"wp-block-column is-layout-flow wp-block-column-is-layout-flow\">\n<figure class=\"wp-block-image aligncenter size-full is-resized\"><a href=\"https:\/\/travailetapprentissages.fr\/?page_id=394\"><img loading=\"lazy\" decoding=\"async\" width=\"1714\" height=\"2560\" src=\"https:\/\/travailetapprentissages.fr\/wp-content\/uploads\/2024\/08\/10-001-2-scaled.jpg\" alt=\"\" class=\"wp-image-451\" style=\"width:187px;height:auto\" srcset=\"https:\/\/travailetapprentissages.fr\/wp-content\/uploads\/2024\/08\/10-001-2-scaled.jpg 1714w, https:\/\/travailetapprentissages.fr\/wp-content\/uploads\/2024\/08\/10-001-2-201x300.jpg 201w, https:\/\/travailetapprentissages.fr\/wp-content\/uploads\/2024\/08\/10-001-2-686x1024.jpg 686w, https:\/\/travailetapprentissages.fr\/wp-content\/uploads\/2024\/08\/10-001-2-768x1147.jpg 768w, https:\/\/travailetapprentissages.fr\/wp-content\/uploads\/2024\/08\/10-001-2-1029x1536.jpg 1029w, https:\/\/travailetapprentissages.fr\/wp-content\/uploads\/2024\/08\/10-001-2-1371x2048.jpg 1371w\" sizes=\"auto, (max-width: 1714px) 100vw, 1714px\" \/><\/a><figcaption class=\"wp-element-caption\"><strong><a href=\"https:\/\/travailetapprentissages.fr\/?page_id=394\" data-type=\"page\" data-id=\"394\">N\u00b010. La Didactique professionnelle en formation \u00e0 l\u2019enseignement&nbsp;: d\u00e9fis et perspectives<\/a><\/strong> (2012)<\/figcaption><\/figure>\n<\/div>\n\n\n\n<div class=\"wp-block-column is-layout-flow wp-block-column-is-layout-flow\">\n<figure class=\"wp-block-image aligncenter size-full is-resized\"><a href=\"https:\/\/travailetapprentissages.fr\/?page_id=397\"><img loading=\"lazy\" decoding=\"async\" width=\"1749\" height=\"2560\" src=\"https:\/\/travailetapprentissages.fr\/wp-content\/uploads\/2024\/08\/9-001-2-scaled.jpg\" alt=\"\" class=\"wp-image-450\" style=\"width:190px;height:auto\" srcset=\"https:\/\/travailetapprentissages.fr\/wp-content\/uploads\/2024\/08\/9-001-2-scaled.jpg 1749w, https:\/\/travailetapprentissages.fr\/wp-content\/uploads\/2024\/08\/9-001-2-205x300.jpg 205w, https:\/\/travailetapprentissages.fr\/wp-content\/uploads\/2024\/08\/9-001-2-700x1024.jpg 700w, https:\/\/travailetapprentissages.fr\/wp-content\/uploads\/2024\/08\/9-001-2-768x1124.jpg 768w, https:\/\/travailetapprentissages.fr\/wp-content\/uploads\/2024\/08\/9-001-2-1049x1536.jpg 1049w, https:\/\/travailetapprentissages.fr\/wp-content\/uploads\/2024\/08\/9-001-2-1399x2048.jpg 1399w\" sizes=\"auto, (max-width: 1749px) 100vw, 1749px\" \/><\/a><figcaption class=\"wp-element-caption\"><strong><a href=\"https:\/\/travailetapprentissages.fr\/?page_id=397\" data-type=\"page\" data-id=\"397\">N\u00b09. Enjeux, formes et r\u00f4les des processus collaboratifs entre chercheurs et professionnels de la formation&nbsp;: pour quelle efficacit\u00e9&nbsp;?<\/a><\/strong> (2012)<\/figcaption><\/figure>\n<\/div>\n<\/div>\n\n\n\n<div class=\"wp-block-columns alignwide is-layout-flex wp-container-core-columns-is-layout-28f84493 wp-block-columns-is-layout-flex\">\n<div class=\"wp-block-column is-layout-flow wp-block-column-is-layout-flow\">\n<figure class=\"wp-block-image aligncenter size-full is-resized\"><a href=\"https:\/\/travailetapprentissages.fr\/?page_id=401\"><img loading=\"lazy\" decoding=\"async\" width=\"1784\" height=\"2560\" src=\"https:\/\/travailetapprentissages.fr\/wp-content\/uploads\/2024\/08\/8-001-2-scaled.jpg\" alt=\"\" class=\"wp-image-449\" style=\"width:193px;height:auto\" srcset=\"https:\/\/travailetapprentissages.fr\/wp-content\/uploads\/2024\/08\/8-001-2-scaled.jpg 1784w, https:\/\/travailetapprentissages.fr\/wp-content\/uploads\/2024\/08\/8-001-2-209x300.jpg 209w, https:\/\/travailetapprentissages.fr\/wp-content\/uploads\/2024\/08\/8-001-2-714x1024.jpg 714w, https:\/\/travailetapprentissages.fr\/wp-content\/uploads\/2024\/08\/8-001-2-768x1102.jpg 768w, https:\/\/travailetapprentissages.fr\/wp-content\/uploads\/2024\/08\/8-001-2-1071x1536.jpg 1071w, https:\/\/travailetapprentissages.fr\/wp-content\/uploads\/2024\/08\/8-001-2-1427x2048.jpg 1427w\" sizes=\"auto, (max-width: 1784px) 100vw, 1784px\" \/><\/a><figcaption class=\"wp-element-caption\"><strong><a href=\"https:\/\/travailetapprentissages.fr\/?page_id=401\" data-type=\"page\" data-id=\"401\">N\u00b08. Le transfert des apprentissages en milieu organisationnel&nbsp;: r\u00e9flexions, perspectives et nouvelle taxonomie<\/a><\/strong> (2011)<\/figcaption><\/figure>\n<\/div>\n\n\n\n<div class=\"wp-block-column is-layout-flow wp-block-column-is-layout-flow\">\n<div class=\"wp-block-group is-nowrap is-layout-flex wp-container-core-group-is-layout-6c531013 wp-block-group-is-layout-flex\">\n<figure class=\"wp-block-image aligncenter size-full is-resized\"><a href=\"https:\/\/travailetapprentissages.fr\/?page_id=406\"><img loading=\"lazy\" decoding=\"async\" width=\"1722\" height=\"2560\" src=\"https:\/\/travailetapprentissages.fr\/wp-content\/uploads\/2024\/08\/couv-N0-7-scaled.jpg\" alt=\"\" class=\"wp-image-466\" style=\"width:186px;height:auto\" srcset=\"https:\/\/travailetapprentissages.fr\/wp-content\/uploads\/2024\/08\/couv-N0-7-scaled.jpg 1722w, https:\/\/travailetapprentissages.fr\/wp-content\/uploads\/2024\/08\/couv-N0-7-202x300.jpg 202w, https:\/\/travailetapprentissages.fr\/wp-content\/uploads\/2024\/08\/couv-N0-7-689x1024.jpg 689w, https:\/\/travailetapprentissages.fr\/wp-content\/uploads\/2024\/08\/couv-N0-7-768x1142.jpg 768w, https:\/\/travailetapprentissages.fr\/wp-content\/uploads\/2024\/08\/couv-N0-7-1033x1536.jpg 1033w, https:\/\/travailetapprentissages.fr\/wp-content\/uploads\/2024\/08\/couv-N0-7-1378x2048.jpg 1378w\" sizes=\"auto, (max-width: 1722px) 100vw, 1722px\" \/><\/a><figcaption class=\"wp-element-caption\"><strong><a href=\"https:\/\/travailetapprentissages.fr\/?page_id=406\" data-type=\"page\" data-id=\"406\">N\u00b07. Activit\u00e9, Exp\u00e9rience, Incorporation<\/a><\/strong> (2011)<\/figcaption><\/figure>\n<\/div>\n<\/div>\n\n\n\n<div class=\"wp-block-column is-layout-flow wp-block-column-is-layout-flow\">\n<figure class=\"wp-block-image aligncenter size-full is-resized\"><a href=\"https:\/\/travailetapprentissages.fr\/?page_id=410\"><img loading=\"lazy\" decoding=\"async\" width=\"1740\" height=\"2560\" src=\"https:\/\/travailetapprentissages.fr\/wp-content\/uploads\/2024\/08\/6-001-2-scaled.jpg\" alt=\"\" class=\"wp-image-448\" style=\"width:188px;height:auto\" srcset=\"https:\/\/travailetapprentissages.fr\/wp-content\/uploads\/2024\/08\/6-001-2-scaled.jpg 1740w, https:\/\/travailetapprentissages.fr\/wp-content\/uploads\/2024\/08\/6-001-2-204x300.jpg 204w, https:\/\/travailetapprentissages.fr\/wp-content\/uploads\/2024\/08\/6-001-2-696x1024.jpg 696w, https:\/\/travailetapprentissages.fr\/wp-content\/uploads\/2024\/08\/6-001-2-768x1130.jpg 768w, https:\/\/travailetapprentissages.fr\/wp-content\/uploads\/2024\/08\/6-001-2-1044x1536.jpg 1044w, https:\/\/travailetapprentissages.fr\/wp-content\/uploads\/2024\/08\/6-001-2-1392x2048.jpg 1392w\" sizes=\"auto, (max-width: 1740px) 100vw, 1740px\" \/><\/a><figcaption class=\"wp-element-caption\"><strong><a href=\"https:\/\/travailetapprentissages.fr\/?page_id=410\" data-type=\"page\" data-id=\"410\">N\u00b06. Exp\u00e9rience, apprentissages et formation<\/a><\/strong> (2010)<\/figcaption><\/figure>\n<\/div>\n\n\n\n<div class=\"wp-block-column is-layout-flow wp-block-column-is-layout-flow\">\n<figure class=\"wp-block-image aligncenter size-full is-resized\"><a href=\"https:\/\/travailetapprentissages.fr\/?page_id=413\"><img loading=\"lazy\" decoding=\"async\" width=\"1752\" height=\"2560\" src=\"https:\/\/travailetapprentissages.fr\/wp-content\/uploads\/2024\/08\/5-001-2-scaled.jpg\" alt=\"\" class=\"wp-image-447\" style=\"width:189px;height:auto\" srcset=\"https:\/\/travailetapprentissages.fr\/wp-content\/uploads\/2024\/08\/5-001-2-scaled.jpg 1752w, https:\/\/travailetapprentissages.fr\/wp-content\/uploads\/2024\/08\/5-001-2-205x300.jpg 205w, https:\/\/travailetapprentissages.fr\/wp-content\/uploads\/2024\/08\/5-001-2-701x1024.jpg 701w, https:\/\/travailetapprentissages.fr\/wp-content\/uploads\/2024\/08\/5-001-2-768x1122.jpg 768w, https:\/\/travailetapprentissages.fr\/wp-content\/uploads\/2024\/08\/5-001-2-1051x1536.jpg 1051w, https:\/\/travailetapprentissages.fr\/wp-content\/uploads\/2024\/08\/5-001-2-1402x2048.jpg 1402w\" sizes=\"auto, (max-width: 1752px) 100vw, 1752px\" \/><\/a><figcaption class=\"wp-element-caption\"><strong><a href=\"https:\/\/travailetapprentissages.fr\/?page_id=413\" data-type=\"page\" data-id=\"413\">N\u00b05. Hommage \u00e0 Alain Savoyant<\/a><\/strong> (2010)<\/figcaption><\/figure>\n<\/div>\n<\/div>\n\n\n\n<div class=\"wp-block-columns alignwide is-layout-flex wp-container-core-columns-is-layout-28f84493 wp-block-columns-is-layout-flex\">\n<div class=\"wp-block-column is-layout-flow wp-block-column-is-layout-flow\">\n<figure class=\"wp-block-image aligncenter size-full is-resized\"><a href=\"https:\/\/travailetapprentissages.fr\/?page_id=419\"><img loading=\"lazy\" decoding=\"async\" width=\"753\" height=\"1128\" src=\"https:\/\/travailetapprentissages.fr\/wp-content\/uploads\/2024\/08\/scan-couv-4-1.jpg\" alt=\"\" class=\"wp-image-470\" style=\"width:184px;height:auto\" srcset=\"https:\/\/travailetapprentissages.fr\/wp-content\/uploads\/2024\/08\/scan-couv-4-1.jpg 753w, https:\/\/travailetapprentissages.fr\/wp-content\/uploads\/2024\/08\/scan-couv-4-1-200x300.jpg 200w, https:\/\/travailetapprentissages.fr\/wp-content\/uploads\/2024\/08\/scan-couv-4-1-684x1024.jpg 684w\" sizes=\"auto, (max-width: 753px) 100vw, 753px\" \/><\/a><figcaption class=\"wp-element-caption\"><a href=\"https:\/\/travailetapprentissages.fr\/?page_id=419\" data-type=\"page\" data-id=\"419\"><strong>N\u00b04. Varia<\/strong><\/a> (2009)<\/figcaption><\/figure>\n<\/div>\n\n\n\n<div class=\"wp-block-column is-layout-flow wp-block-column-is-layout-flow\">\n<div class=\"wp-block-group is-nowrap is-layout-flex wp-container-core-group-is-layout-6c531013 wp-block-group-is-layout-flex\">\n<figure class=\"wp-block-image aligncenter size-full is-resized\"><a href=\"https:\/\/travailetapprentissages.fr\/?page_id=429\"><img loading=\"lazy\" decoding=\"async\" width=\"678\" height=\"1005\" src=\"https:\/\/travailetapprentissages.fr\/wp-content\/uploads\/2024\/08\/scan-couverture-3-1.jpg\" alt=\"\" class=\"wp-image-471\" style=\"width:184px;height:auto\" srcset=\"https:\/\/travailetapprentissages.fr\/wp-content\/uploads\/2024\/08\/scan-couverture-3-1.jpg 678w, https:\/\/travailetapprentissages.fr\/wp-content\/uploads\/2024\/08\/scan-couverture-3-1-202x300.jpg 202w\" sizes=\"auto, (max-width: 678px) 100vw, 678px\" \/><\/a><figcaption class=\"wp-element-caption\"><strong><a href=\"https:\/\/travailetapprentissages.fr\/?page_id=429\" data-type=\"page\" data-id=\"429\">N\u00b03. Recherches sur les processus de professionnalisation d\u2019\u00e9tudiants<\/a><\/strong> (2009)<\/figcaption><\/figure>\n<\/div>\n<\/div>\n\n\n\n<div class=\"wp-block-column is-layout-flow wp-block-column-is-layout-flow\">\n<figure class=\"wp-block-image aligncenter size-full is-resized\"><a href=\"https:\/\/travailetapprentissages.fr\/?page_id=432\"><img loading=\"lazy\" decoding=\"async\" width=\"811\" height=\"1213\" src=\"https:\/\/travailetapprentissages.fr\/wp-content\/uploads\/2024\/08\/couv-2.jpg\" alt=\"\" class=\"wp-image-464\" style=\"width:184px;height:auto\" srcset=\"https:\/\/travailetapprentissages.fr\/wp-content\/uploads\/2024\/08\/couv-2.jpg 811w, https:\/\/travailetapprentissages.fr\/wp-content\/uploads\/2024\/08\/couv-2-201x300.jpg 201w, https:\/\/travailetapprentissages.fr\/wp-content\/uploads\/2024\/08\/couv-2-685x1024.jpg 685w, https:\/\/travailetapprentissages.fr\/wp-content\/uploads\/2024\/08\/couv-2-768x1149.jpg 768w\" sizes=\"auto, (max-width: 811px) 100vw, 811px\" \/><\/a><figcaption class=\"wp-element-caption\"><strong><a href=\"https:\/\/travailetapprentissages.fr\/?page_id=432\" data-type=\"page\" data-id=\"432\">N\u00b02. Apprendre pour (et \u00e0) capitaliser des connaissances&nbsp;: une \u00e9tude de cas<\/a><\/strong> (2008)<\/figcaption><\/figure>\n<\/div>\n\n\n\n<div class=\"wp-block-column is-layout-flow wp-block-column-is-layout-flow\">\n<figure class=\"wp-block-image aligncenter size-full is-resized\"><a href=\"https:\/\/travailetapprentissages.fr\/?page_id=437\"><img loading=\"lazy\" decoding=\"async\" width=\"1681\" height=\"2560\" src=\"https:\/\/travailetapprentissages.fr\/wp-content\/uploads\/2024\/08\/couv-N\u00b0-1-scaled.jpg\" alt=\"\" class=\"wp-image-465\" style=\"width:181px;height:auto\" srcset=\"https:\/\/travailetapprentissages.fr\/wp-content\/uploads\/2024\/08\/couv-N\u00b0-1-scaled.jpg 1681w, https:\/\/travailetapprentissages.fr\/wp-content\/uploads\/2024\/08\/couv-N\u00b0-1-197x300.jpg 197w, https:\/\/travailetapprentissages.fr\/wp-content\/uploads\/2024\/08\/couv-N\u00b0-1-672x1024.jpg 672w, https:\/\/travailetapprentissages.fr\/wp-content\/uploads\/2024\/08\/couv-N\u00b0-1-768x1170.jpg 768w, https:\/\/travailetapprentissages.fr\/wp-content\/uploads\/2024\/08\/couv-N\u00b0-1-1008x1536.jpg 1008w, https:\/\/travailetapprentissages.fr\/wp-content\/uploads\/2024\/08\/couv-N\u00b0-1-1344x2048.jpg 1344w\" sizes=\"auto, (max-width: 1681px) 100vw, 1681px\" \/><\/a><figcaption class=\"wp-element-caption\"><strong><a href=\"https:\/\/travailetapprentissages.fr\/?page_id=437\" data-type=\"page\" data-id=\"437\">N\u00b01. La Didactique professionnelle&nbsp;: origines, fondements, perspectives<\/a><\/strong> (2008)<\/figcaption><\/figure>\n<\/div>\n<\/div>\n\n\n\n<div style=\"height:100px\" aria-hidden=\"true\" class=\"wp-block-spacer\"><\/div>\n","protected":false},"excerpt":{"rendered":"<p>N\u00b0 29 Varia (2025) N\u00b028 \u00c9laborer une structure conceptuelle en didactique professionnelle : fondements, d\u00e9marches m\u00e9thodologiques et perspectives<\/p>\n","protected":false},"author":1,"featured_media":0,"parent":0,"menu_order":0,"comment_status":"closed","ping_status":"closed","template":"","meta":{"footnotes":""},"class_list":["post-105","page","type-page","status-publish","hentry"],"_links":{"self":[{"href":"https:\/\/travailetapprentissages.fr\/index.php?rest_route=\/wp\/v2\/pages\/105","targetHints":{"allow":["GET"]}}],"collection":[{"href":"https:\/\/travailetapprentissages.fr\/index.php?rest_route=\/wp\/v2\/pages"}],"about":[{"href":"https:\/\/travailetapprentissages.fr\/index.php?rest_route=\/wp\/v2\/types\/page"}],"author":[{"embeddable":true,"href":"https:\/\/travailetapprentissages.fr\/index.php?rest_route=\/wp\/v2\/users\/1"}],"replies":[{"embeddable":true,"href":"https:\/\/travailetapprentissages.fr\/index.php?rest_route=%2Fwp%2Fv2%2Fcomments&post=105"}],"version-history":[{"count":69,"href":"https:\/\/travailetapprentissages.fr\/index.php?rest_route=\/wp\/v2\/pages\/105\/revisions"}],"predecessor-version":[{"id":984,"href":"https:\/\/travailetapprentissages.fr\/index.php?rest_route=\/wp\/v2\/pages\/105\/revisions\/984"}],"wp:attachment":[{"href":"https:\/\/travailetapprentissages.fr\/index.php?rest_route=%2Fwp%2Fv2%2Fmedia&parent=105"}],"curies":[{"name":"wp","href":"https:\/\/api.w.org\/{rel}","templated":true}]}}