{"id":124,"date":"2024-08-08T11:48:41","date_gmt":"2024-08-08T09:48:41","guid":{"rendered":"https:\/\/travailetapprentissages.fr\/?page_id=124"},"modified":"2024-08-22T15:34:09","modified_gmt":"2024-08-22T13:34:09","slug":"didactiques-pour-la-formation-professionnelle","status":"publish","type":"page","link":"https:\/\/travailetapprentissages.fr\/?page_id=124","title":{"rendered":""},"content":{"rendered":"\n<div class=\"wp-block-columns alignwide is-layout-flex wp-container-core-columns-is-layout-28f84493 wp-block-columns-is-layout-flex\">\n<div class=\"wp-block-column is-layout-flow wp-block-column-is-layout-flow\" style=\"flex-basis:33.33%\">\n<figure class=\"wp-block-image alignright size-full is-resized\"><img loading=\"lazy\" decoding=\"async\" width=\"466\" height=\"700\" src=\"https:\/\/travailetapprentissages.fr\/wp-content\/uploads\/2024\/08\/revue-25-1.png\" alt=\"\" class=\"wp-image-184\" style=\"width:246px;height:auto\" srcset=\"https:\/\/travailetapprentissages.fr\/wp-content\/uploads\/2024\/08\/revue-25-1.png 466w, https:\/\/travailetapprentissages.fr\/wp-content\/uploads\/2024\/08\/revue-25-1-200x300.png 200w\" sizes=\"auto, (max-width: 466px) 100vw, 466px\" \/><\/figure>\n<\/div>\n\n\n\n<div class=\"wp-block-column is-layout-flow wp-block-column-is-layout-flow\" style=\"flex-basis:66.66%\">\n<h2 class=\"wp-block-heading\">Didactiques pour la formation professionnelle <\/h2>\n\n\n\n<p><strong>Travail et apprentissages N\u00b025<\/strong><\/p>\n\n\n\n<p>Coordination : Jean-Fran\u00e7ois M\u00e9tral, Raquel Becerril Ortega, Lucile Vadcard<\/p>\n\n\n\n<p>\u00c9ditions Raison et Passions, 2023<\/p>\n\n\n\n<div class=\"wp-block-buttons is-layout-flex wp-block-buttons-is-layout-flex\">\n<div class=\"wp-block-button\"><a class=\"wp-block-button__link wp-element-button\" href=\"https:\/\/www.cairn.info\/revue-travail-et-apprentissages-2023-1.htm\">Acc\u00e9der au num\u00e9ro<\/a><\/div>\n<\/div>\n<\/div>\n<\/div>\n\n\n\n<div style=\"height:40px\" aria-hidden=\"true\" class=\"wp-block-spacer\"><\/div>\n\n\n\n<h2 class=\"wp-block-heading alignwide has-text-align-center\">Sommaire<\/h2>\n\n\n\n<hr class=\"wp-block-separator has-text-color has-contrast-color has-alpha-channel-opacity has-contrast-background-color has-background\"\/>\n\n\n\n<div class=\"wp-block-group has-global-padding is-layout-constrained wp-block-group-is-layout-constrained\">\n<p><strong>\u00c9ditorial<\/strong><\/p>\n\n\n\n<p><strong>Didactiques pour la formation professionnelle<\/strong> \u2013 <em>Lucile Vadcard, Jean-Fran\u00e7ois M\u00e9tral, Raquel Becerril-Ortega<\/em><\/p>\n\n\n\n<p><strong>Approche d\u2019une activit\u00e9 math\u00e9matique en contexte professionnel&nbsp;: le cas des calculs de dose m\u00e9dicamenteuse<\/strong> <em>\u2013<\/em> <em>Daniel Benlahou\u00e8s<\/em><\/p>\n\n\n\n<p><strong>Une caract\u00e9risation des processus d\u2019exp\u00e9rimentation : apprendre \u00e0 affronter l\u2019incertitude<\/strong> <em>\u2013<\/em> <em>Raquel Becerril-Ortega<\/em><\/p>\n\n\n\n<p><strong>Situation didactique, situation op\u00e9rationnelle de conception : construction, apports et emprunts th\u00e9oriques d\u2019une didactique du design<\/strong> <em>\u2013<\/em> <em>\u00c9meline Roy, Christophe Moineau, \u00c9ric Tortochot<\/em><\/p>\n\n\n\n<p><strong>Repenser la transmission des savoir-faire artisanaux dans une h\u00e9t\u00e9rog\u00e9n\u00e9it\u00e9 de contextes d\u2019apprentissage. L\u2019influence des technologies num\u00e9riques<\/strong> <em>\u2013<\/em> <em>Christine Rivier-Perret, Caroline Ladag<\/em><\/p>\n\n\n\n<p><strong>Former en prison : une analyse du fonctionnement des syst\u00e8mes didactiques au sein du syst\u00e8me carc\u00e9ral<\/strong> <em>\u2013<\/em> <em>Corinne Manceau (Universit\u00e9 Aix-Marseille<\/em>)<\/p>\n\n\n\n<p><strong>Interroger l\u2019organisation de l\u2019activit\u00e9 des enseignants en recherche documentaire dans le cadre de la P\u00e9dagogie Freinet<\/strong> <em>\u2013<\/em> <em>Catherine Boyer, Maria Pagoni<\/em><\/p>\n\n\n\n<p><strong>Didactique pour l\u2019enseignement professionnel ou didactique(s) pour la formation professionnelle&nbsp;? Dialogue avec Claude Raisky<\/strong> <em>\u2013<\/em> <em>Jean-Fran\u00e7ois M\u00e9tral, Lucile Vadcard<\/em><\/p>\n<\/div>\n\n\n\n<div style=\"height:100px\" aria-hidden=\"true\" class=\"wp-block-spacer\"><\/div>\n","protected":false},"excerpt":{"rendered":"<p>Didactiques pour la formation professionnelle Travail et apprentissages N\u00b025 Coordination : Jean-Fran\u00e7ois M\u00e9tral, Raquel Becerril Ortega, Lucile Vadcard \u00c9ditions Raison et Passions, 2023 Sommaire \u00c9ditorial Didactiques pour la formation professionnelle \u2013 Lucile Vadcard, Jean-Fran\u00e7ois M\u00e9tral, Raquel Becerril-Ortega Approche d\u2019une activit\u00e9 math\u00e9matique en contexte professionnel&nbsp;: le cas des calculs de dose m\u00e9dicamenteuse \u2013 Daniel Benlahou\u00e8s Une [&hellip;]<\/p>\n","protected":false},"author":1,"featured_media":0,"parent":0,"menu_order":0,"comment_status":"closed","ping_status":"closed","template":"","meta":{"footnotes":""},"class_list":["post-124","page","type-page","status-publish","hentry"],"_links":{"self":[{"href":"https:\/\/travailetapprentissages.fr\/index.php?rest_route=\/wp\/v2\/pages\/124","targetHints":{"allow":["GET"]}}],"collection":[{"href":"https:\/\/travailetapprentissages.fr\/index.php?rest_route=\/wp\/v2\/pages"}],"about":[{"href":"https:\/\/travailetapprentissages.fr\/index.php?rest_route=\/wp\/v2\/types\/page"}],"author":[{"embeddable":true,"href":"https:\/\/travailetapprentissages.fr\/index.php?rest_route=\/wp\/v2\/users\/1"}],"replies":[{"embeddable":true,"href":"https:\/\/travailetapprentissages.fr\/index.php?rest_route=%2Fwp%2Fv2%2Fcomments&post=124"}],"version-history":[{"count":31,"href":"https:\/\/travailetapprentissages.fr\/index.php?rest_route=\/wp\/v2\/pages\/124\/revisions"}],"predecessor-version":[{"id":766,"href":"https:\/\/travailetapprentissages.fr\/index.php?rest_route=\/wp\/v2\/pages\/124\/revisions\/766"}],"wp:attachment":[{"href":"https:\/\/travailetapprentissages.fr\/index.php?rest_route=%2Fwp%2Fv2%2Fmedia&parent=124"}],"curies":[{"name":"wp","href":"https:\/\/api.w.org\/{rel}","templated":true}]}}