{"id":19,"date":"2024-08-07T14:56:08","date_gmt":"2024-08-07T12:56:08","guid":{"rendered":"https:\/\/travailetapprentissages.fr\/?page_id=19"},"modified":"2025-02-20T09:13:48","modified_gmt":"2025-02-20T08:13:48","slug":"la-direction","status":"publish","type":"page","link":"https:\/\/travailetapprentissages.fr\/?page_id=19","title":{"rendered":"Direction de la r\u00e9daction"},"content":{"rendered":"\n<div class=\"wp-block-columns alignwide is-layout-flex wp-container-core-columns-is-layout-87beb0d0 wp-block-columns-is-layout-flex\">\n<div class=\"wp-block-column is-layout-flow wp-block-column-is-layout-flow\">\n<p>La direction de la r\u00e9daction est assur\u00e9e par 3 personnes :<\/p>\n\n\n\n<ul class=\"wp-block-list\">\n<li><strong>Art\u00e9mis DRAKOS<\/strong>, Ma\u00eetre de conf\u00e9rences en Sciences de l&rsquo;Education et de la Formation, UR Formation et Apprentissages Professionnels, L&rsquo;Institut Agro Dijon<\/li>\n<\/ul>\n\n\n\n<ul class=\"wp-block-list\">\n<li><strong>Marie DAVID<\/strong>, Sociologue,  UR Formation et Apprentissages Professionnels, L&rsquo;Institut Agro Dijon<\/li>\n<\/ul>\n\n\n\n<ul class=\"wp-block-list\">\n<li><strong>Jean-Fran\u00e7ois METRAL<\/strong>, HDR en Sciences de l&rsquo;Education et de la Formation,  UR Formation et Apprentissages Professionnels, L&rsquo;Institut Agro Dijon<\/li>\n<\/ul>\n\n\n\n<p>Pour toute information : <strong>travail.et.apprentissages.revue@gmail.com<\/strong><\/p>\n\n\n\n<p class=\"has-text-align-center wp-container-content-9cfa9a5a\" style=\"font-size:0px\">La revue accueillera dans ses pages tout article qui apportera des \u00e9l\u00e9ments visant la compr\u00e9hension de ces processus, quel que soit le champ professionnel concern\u00e9 (des activit\u00e9s artisanales au pilotage d\u2019ensembles industriels complexes, de la gestion de syst\u00e8mes dynamiques \u00e0 celle des relations humaines, de la relation de service au travail enseignant\u2026), et sans exclusive de r\u00e9f\u00e9rences th\u00e9oriques, de m\u00e9thodes d\u2019investigation et d\u2019analyses&nbsp;: psychologie, ergonomie, didactiques, linguistique, sciences de l\u2019\u00e9ducation et de la formation, sociologie, anthropologie, gestion&nbsp;\u2026, dont les recherches qui s\u2019int\u00e9ressent \u00e0 l\u2019analyse de l&rsquo;activit\u00e9 au travail et en formation dans une perspective de formation ou de d\u00e9veloppement des comp\u00e9tences. Elle accepte des articles de diff\u00e9rentes formes sous r\u00e9serve qu\u2019ils soient coh\u00e9rents avec la pr\u00e9sente ligne \u00e9ditoriale&nbsp;:<\/p>\n<\/div>\n<\/div>\n\n\n\n<p><\/p>\n","protected":false},"excerpt":{"rendered":"<p>La direction de la r\u00e9daction est assur\u00e9e par 3 personnes : Pour toute information : travail.et.apprentissages.revue@gmail.com La revue accueillera dans ses pages tout article qui apportera des \u00e9l\u00e9ments visant la compr\u00e9hension de ces processus, quel que soit le champ professionnel concern\u00e9 (des activit\u00e9s artisanales au pilotage d\u2019ensembles industriels complexes, de la gestion de syst\u00e8mes dynamiques [&hellip;]<\/p>\n","protected":false},"author":1,"featured_media":0,"parent":0,"menu_order":0,"comment_status":"closed","ping_status":"closed","template":"","meta":{"footnotes":""},"class_list":["post-19","page","type-page","status-publish","hentry"],"_links":{"self":[{"href":"https:\/\/travailetapprentissages.fr\/index.php?rest_route=\/wp\/v2\/pages\/19","targetHints":{"allow":["GET"]}}],"collection":[{"href":"https:\/\/travailetapprentissages.fr\/index.php?rest_route=\/wp\/v2\/pages"}],"about":[{"href":"https:\/\/travailetapprentissages.fr\/index.php?rest_route=\/wp\/v2\/types\/page"}],"author":[{"embeddable":true,"href":"https:\/\/travailetapprentissages.fr\/index.php?rest_route=\/wp\/v2\/users\/1"}],"replies":[{"embeddable":true,"href":"https:\/\/travailetapprentissages.fr\/index.php?rest_route=%2Fwp%2Fv2%2Fcomments&post=19"}],"version-history":[{"count":6,"href":"https:\/\/travailetapprentissages.fr\/index.php?rest_route=\/wp\/v2\/pages\/19\/revisions"}],"predecessor-version":[{"id":903,"href":"https:\/\/travailetapprentissages.fr\/index.php?rest_route=\/wp\/v2\/pages\/19\/revisions\/903"}],"wp:attachment":[{"href":"https:\/\/travailetapprentissages.fr\/index.php?rest_route=%2Fwp%2Fv2%2Fmedia&parent=19"}],"curies":[{"name":"wp","href":"https:\/\/api.w.org\/{rel}","templated":true}]}}