{"id":190,"date":"2024-08-08T15:21:02","date_gmt":"2024-08-08T13:21:02","guid":{"rendered":"https:\/\/travailetapprentissages.fr\/?page_id=190"},"modified":"2024-08-22T15:32:56","modified_gmt":"2024-08-22T13:32:56","slug":"environnement","status":"publish","type":"page","link":"https:\/\/travailetapprentissages.fr\/?page_id=190","title":{"rendered":""},"content":{"rendered":"\n<div class=\"wp-block-columns alignwide is-layout-flex wp-container-core-columns-is-layout-28f84493 wp-block-columns-is-layout-flex\">\n<div class=\"wp-block-column is-layout-flow wp-block-column-is-layout-flow\" style=\"flex-basis:33.33%\">\n<figure class=\"wp-block-image alignright size-full is-resized\"><img loading=\"lazy\" decoding=\"async\" width=\"452\" height=\"680\" src=\"https:\/\/travailetapprentissages.fr\/wp-content\/uploads\/2024\/08\/revue-23.png\" alt=\"\" class=\"wp-image-169\" style=\"width:247px;height:auto\" srcset=\"https:\/\/travailetapprentissages.fr\/wp-content\/uploads\/2024\/08\/revue-23.png 452w, https:\/\/travailetapprentissages.fr\/wp-content\/uploads\/2024\/08\/revue-23-199x300.png 199w\" sizes=\"auto, (max-width: 452px) 100vw, 452px\" \/><\/figure>\n<\/div>\n\n\n\n<div class=\"wp-block-column is-layout-flow wp-block-column-is-layout-flow\" style=\"flex-basis:66.66%\">\n<h2 class=\"wp-block-heading\">Environnement capacitant\u00a0: regard pluriel  <\/h2>\n\n\n\n<p><strong>Travail et apprentissages N\u00b023<\/strong><\/p>\n\n\n\n<p>Coordination : Solveig Fernagu et Christine Vidal-Gomel<\/p>\n\n\n\n<p>\u00c9ditions Raison et Passions, 2022<\/p>\n\n\n\n<div class=\"wp-block-buttons is-layout-flex wp-block-buttons-is-layout-flex\">\n<div class=\"wp-block-button\"><a class=\"wp-block-button__link wp-element-button\" href=\"https:\/\/www.cairn.info\/revue-travail-et-apprentissages-2022-1.htm\">Acc\u00e9der au num\u00e9ro<\/a><\/div>\n<\/div>\n<\/div>\n<\/div>\n\n\n\n<div style=\"height:40px\" aria-hidden=\"true\" class=\"wp-block-spacer\"><\/div>\n\n\n\n<h2 class=\"wp-block-heading has-text-align-center\">Sommaire<\/h2>\n\n\n\n<hr class=\"wp-block-separator has-alpha-channel-opacity\"\/>\n\n\n\n<p><strong>Pr\u00e9sentation<\/strong> <em>\u2013<\/em> <em>Solveig Fernagu, Christine Vidal-Gomel<\/em><\/p>\n\n\n\n<p><strong>St\u00e9r\u00e9otypes n\u00e9gatifs \u00e0 propos des s\u00e9niors ch\u00f4meurs et cr\u00e9ation d\u2019un environnement capacitant de retour vers l\u2019emploi<\/strong> <em>\u2013<\/em> <em>Solange Ciavaldini-Cartaut, Marylou Garino<\/em><\/p>\n\n\n\n<p><strong>L\u2019approche par les capabilit\u00e9s dans le champ du travail et de la formation&nbsp;: vers une d\u00e9finition des environnements capacitants&nbsp;?<\/strong> <em>\u2013<\/em> <em>Solveig Fernagu<\/em><\/p>\n\n\n\n<p><strong>\u00c9tude de la conception d\u2019un dispositif de formation \u00e0 destination des \u00e9tudiantes sages-femmes<\/strong> <em>\u2013<\/em> <em>Evald Maillet, Aur\u00e9lie M\u00e9jean-Lapaire, Marc Daguzon<\/em><\/p>\n\n\n\n<p><strong>Des apprenants concepteurs de leur espace d\u2019apprentissage<\/strong> <em>\u2013<\/em> <em>Doroth\u00e9e Mallet, Pierre Falzon, Christine Vidal-Gomel<\/em><\/p>\n\n\n\n<p><strong>La r\u00e9alit\u00e9 virtuelle dans la formation professionnelle \u00e0 la lumi\u00e8re des environnements capacitants<\/strong> <em>\u2013<\/em> <em>Faustin Barbe, Anca Boboc<\/em><\/p>\n\n\n\n<p><strong>Pour une approche m\u00e9sologique des \u00ab&nbsp;environnements capacitants&nbsp;\u00bb dans une perspective d\u2019ing\u00e9nierie<\/strong> <em>\u2013<\/em> <em>Bernard Blandin<\/em><\/p>\n\n\n\n<div style=\"height:100px\" aria-hidden=\"true\" class=\"wp-block-spacer\"><\/div>\n","protected":false},"excerpt":{"rendered":"<p>Environnement capacitant\u00a0: regard pluriel Travail et apprentissages N\u00b023 Coordination : Solveig Fernagu et Christine Vidal-Gomel \u00c9ditions Raison et Passions, 2022 Sommaire Pr\u00e9sentation \u2013 Solveig Fernagu, Christine Vidal-Gomel St\u00e9r\u00e9otypes n\u00e9gatifs \u00e0 propos des s\u00e9niors ch\u00f4meurs et cr\u00e9ation d\u2019un environnement capacitant de retour vers l\u2019emploi \u2013 Solange Ciavaldini-Cartaut, Marylou Garino L\u2019approche par les capabilit\u00e9s dans le champ [&hellip;]<\/p>\n","protected":false},"author":1,"featured_media":0,"parent":0,"menu_order":0,"comment_status":"closed","ping_status":"closed","template":"","meta":{"footnotes":""},"class_list":["post-190","page","type-page","status-publish","hentry"],"_links":{"self":[{"href":"https:\/\/travailetapprentissages.fr\/index.php?rest_route=\/wp\/v2\/pages\/190","targetHints":{"allow":["GET"]}}],"collection":[{"href":"https:\/\/travailetapprentissages.fr\/index.php?rest_route=\/wp\/v2\/pages"}],"about":[{"href":"https:\/\/travailetapprentissages.fr\/index.php?rest_route=\/wp\/v2\/types\/page"}],"author":[{"embeddable":true,"href":"https:\/\/travailetapprentissages.fr\/index.php?rest_route=\/wp\/v2\/users\/1"}],"replies":[{"embeddable":true,"href":"https:\/\/travailetapprentissages.fr\/index.php?rest_route=%2Fwp%2Fv2%2Fcomments&post=190"}],"version-history":[{"count":14,"href":"https:\/\/travailetapprentissages.fr\/index.php?rest_route=\/wp\/v2\/pages\/190\/revisions"}],"predecessor-version":[{"id":764,"href":"https:\/\/travailetapprentissages.fr\/index.php?rest_route=\/wp\/v2\/pages\/190\/revisions\/764"}],"wp:attachment":[{"href":"https:\/\/travailetapprentissages.fr\/index.php?rest_route=%2Fwp%2Fv2%2Fmedia&parent=190"}],"curies":[{"name":"wp","href":"https:\/\/api.w.org\/{rel}","templated":true}]}}