{"id":213,"date":"2024-08-08T15:37:48","date_gmt":"2024-08-08T13:37:48","guid":{"rendered":"https:\/\/travailetapprentissages.fr\/?page_id=213"},"modified":"2024-08-22T15:35:31","modified_gmt":"2024-08-22T13:35:31","slug":"213-2","status":"publish","type":"page","link":"https:\/\/travailetapprentissages.fr\/?page_id=213","title":{"rendered":""},"content":{"rendered":"\n<div class=\"wp-block-columns alignwide is-layout-flex wp-container-core-columns-is-layout-28f84493 wp-block-columns-is-layout-flex\">\n<div class=\"wp-block-column is-layout-flow wp-block-column-is-layout-flow\" style=\"flex-basis:33.33%\">\n<figure class=\"wp-block-image alignright size-full is-resized\"><img loading=\"lazy\" decoding=\"async\" width=\"1749\" height=\"2560\" src=\"https:\/\/travailetapprentissages.fr\/wp-content\/uploads\/2024\/08\/22-001-2-1-scaled.jpg\" alt=\"\" class=\"wp-image-474\" style=\"width:252px;height:auto\" srcset=\"https:\/\/travailetapprentissages.fr\/wp-content\/uploads\/2024\/08\/22-001-2-1-scaled.jpg 1749w, https:\/\/travailetapprentissages.fr\/wp-content\/uploads\/2024\/08\/22-001-2-1-205x300.jpg 205w, https:\/\/travailetapprentissages.fr\/wp-content\/uploads\/2024\/08\/22-001-2-1-699x1024.jpg 699w, https:\/\/travailetapprentissages.fr\/wp-content\/uploads\/2024\/08\/22-001-2-1-768x1124.jpg 768w, https:\/\/travailetapprentissages.fr\/wp-content\/uploads\/2024\/08\/22-001-2-1-1049x1536.jpg 1049w, https:\/\/travailetapprentissages.fr\/wp-content\/uploads\/2024\/08\/22-001-2-1-1399x2048.jpg 1399w\" sizes=\"auto, (max-width: 1749px) 100vw, 1749px\" \/><\/figure>\n<\/div>\n\n\n\n<div class=\"wp-block-column is-layout-flow wp-block-column-is-layout-flow\" style=\"flex-basis:66.66%\">\n<h2 class=\"wp-block-heading\">Former et d\u00e9velopper l&rsquo;intelligence professionnelle <\/h2>\n\n\n\n<p>Travail et apprentissages N\u00b022<\/p>\n\n\n\n<p>Coordination : Paul Olry<\/p>\n\n\n\n<p>\u00c9ditions Raison et Passions, 2021<\/p>\n\n\n\n<div class=\"wp-block-buttons is-layout-flex wp-block-buttons-is-layout-flex\">\n<div class=\"wp-block-button\"><a class=\"wp-block-button__link wp-element-button\" href=\"https:\/\/www.cairn.info\/revue-travail-et-apprentissages-2021-1.htm\">Acc\u00e9der au num\u00e9ro<\/a><\/div>\n<\/div>\n<\/div>\n<\/div>\n\n\n\n<div style=\"height:40px\" aria-hidden=\"true\" class=\"wp-block-spacer\"><\/div>\n\n\n\n<h2 class=\"wp-block-heading has-text-align-center\">Sommaire<\/h2>\n\n\n\n<hr class=\"wp-block-separator has-alpha-channel-opacity\"\/>\n\n\n\n<p><strong>Pr\u00e9sentation<\/strong> <em>\u2013 Paul Olry<\/em><\/p>\n\n\n\n<p><strong>Apprendre en situation de travail&nbsp;: le dispositif sp\u00e9cifique du restaurant-\u00e9cole<\/strong> <em>\u2013 C\u00e9line Alcade<\/em><\/p>\n\n\n\n<p><strong>Former et s\u2019exercer \u00e0 la d\u00e9marche de diagnostic de stations foresti\u00e8res <\/strong><em>\u2013 Fanny Chr\u00e9tien<\/em><\/p>\n\n\n\n<p><strong>Commander, \u00eatre command\u00e9&nbsp;: construire une repr\u00e9sentation de r\u00e9f\u00e9rence par des \u00e9l\u00e8ves officiers de retour d\u2019op\u00e9rations ext\u00e9rieures <\/strong><em>\u2013Herv\u00e9 de Bisschop, Paul Olry<\/em><\/p>\n\n\n\n<p><strong>Entre invisibilisation et visibilisation du travail&nbsp;: une contribution de la didactique professionnelle \u00e0 la reconnaissance des comp\u00e9tences professionnelles des femmes de chambre<\/strong>&nbsp;<em>\u2013 Solange Ciavaldini-Cartaut, St\u00e9phane Balas<\/em><\/p>\n\n\n\n<p><strong>La construction didactique collective d\u2019un dispositif d\u2019\u00e9changes entre conseillers agricoles pour accompagner leurs transitions professionnelles <\/strong><em>\u2013Sophie Duhamel, Marianne Cerf, Paul Olry<\/em><strong><em><\/em><\/strong><\/p>\n\n\n\n<p><strong>L\u2019activit\u00e9 clandestine chez les aides-soignants&nbsp;: quelle reprise en formation&nbsp;? <\/strong><em>\u2013 Gr\u00e9gory Munoz, Pierre Parage, Pascal Simonet<\/em><\/p>\n\n\n\n<div style=\"height:100px\" aria-hidden=\"true\" class=\"wp-block-spacer\"><\/div>\n","protected":false},"excerpt":{"rendered":"<p>Former et d\u00e9velopper l&rsquo;intelligence professionnelle Travail et apprentissages N\u00b022 Coordination : Paul Olry \u00c9ditions Raison et Passions, 2021 Sommaire Pr\u00e9sentation \u2013 Paul Olry Apprendre en situation de travail&nbsp;: le dispositif sp\u00e9cifique du restaurant-\u00e9cole \u2013 C\u00e9line Alcade Former et s\u2019exercer \u00e0 la d\u00e9marche de diagnostic de stations foresti\u00e8res \u2013 Fanny Chr\u00e9tien Commander, \u00eatre command\u00e9&nbsp;: construire une [&hellip;]<\/p>\n","protected":false},"author":1,"featured_media":0,"parent":0,"menu_order":0,"comment_status":"closed","ping_status":"closed","template":"","meta":{"footnotes":""},"class_list":["post-213","page","type-page","status-publish","hentry"],"_links":{"self":[{"href":"https:\/\/travailetapprentissages.fr\/index.php?rest_route=\/wp\/v2\/pages\/213","targetHints":{"allow":["GET"]}}],"collection":[{"href":"https:\/\/travailetapprentissages.fr\/index.php?rest_route=\/wp\/v2\/pages"}],"about":[{"href":"https:\/\/travailetapprentissages.fr\/index.php?rest_route=\/wp\/v2\/types\/page"}],"author":[{"embeddable":true,"href":"https:\/\/travailetapprentissages.fr\/index.php?rest_route=\/wp\/v2\/users\/1"}],"replies":[{"embeddable":true,"href":"https:\/\/travailetapprentissages.fr\/index.php?rest_route=%2Fwp%2Fv2%2Fcomments&post=213"}],"version-history":[{"count":8,"href":"https:\/\/travailetapprentissages.fr\/index.php?rest_route=\/wp\/v2\/pages\/213\/revisions"}],"predecessor-version":[{"id":768,"href":"https:\/\/travailetapprentissages.fr\/index.php?rest_route=\/wp\/v2\/pages\/213\/revisions\/768"}],"wp:attachment":[{"href":"https:\/\/travailetapprentissages.fr\/index.php?rest_route=%2Fwp%2Fv2%2Fmedia&parent=213"}],"curies":[{"name":"wp","href":"https:\/\/api.w.org\/{rel}","templated":true}]}}