{"id":237,"date":"2024-08-08T15:59:18","date_gmt":"2024-08-08T13:59:18","guid":{"rendered":"https:\/\/travailetapprentissages.fr\/?page_id=237"},"modified":"2024-08-22T15:37:52","modified_gmt":"2024-08-22T13:37:52","slug":"237-2","status":"publish","type":"page","link":"https:\/\/travailetapprentissages.fr\/?page_id=237","title":{"rendered":""},"content":{"rendered":"\n<div class=\"wp-block-columns alignwide is-layout-flex wp-container-core-columns-is-layout-28f84493 wp-block-columns-is-layout-flex\">\n<div class=\"wp-block-column is-layout-flow wp-block-column-is-layout-flow\" style=\"flex-basis:33.33%\">\n<figure class=\"wp-block-image alignright size-full is-resized\"><img loading=\"lazy\" decoding=\"async\" width=\"1746\" height=\"2560\" src=\"https:\/\/travailetapprentissages.fr\/wp-content\/uploads\/2024\/08\/20-001-2-scaled.jpg\" alt=\"\" class=\"wp-image-461\" style=\"width:252px;height:auto\" srcset=\"https:\/\/travailetapprentissages.fr\/wp-content\/uploads\/2024\/08\/20-001-2-scaled.jpg 1746w, https:\/\/travailetapprentissages.fr\/wp-content\/uploads\/2024\/08\/20-001-2-205x300.jpg 205w, https:\/\/travailetapprentissages.fr\/wp-content\/uploads\/2024\/08\/20-001-2-698x1024.jpg 698w, https:\/\/travailetapprentissages.fr\/wp-content\/uploads\/2024\/08\/20-001-2-768x1126.jpg 768w, https:\/\/travailetapprentissages.fr\/wp-content\/uploads\/2024\/08\/20-001-2-1047x1536.jpg 1047w, https:\/\/travailetapprentissages.fr\/wp-content\/uploads\/2024\/08\/20-001-2-1397x2048.jpg 1397w\" sizes=\"auto, (max-width: 1746px) 100vw, 1746px\" \/><\/figure>\n<\/div>\n\n\n\n<div class=\"wp-block-column is-layout-flow wp-block-column-is-layout-flow\" style=\"flex-basis:66.66%\">\n<h2 class=\"wp-block-heading\">Varia <\/h2>\n\n\n\n<p><strong>Travail et apprentissages N\u00b020<\/strong><\/p>\n\n\n\n<p>Coordination : Patrick Mayen<\/p>\n\n\n\n<p>\u00c9ditions Raison et Passions, 2020<\/p>\n\n\n\n<div class=\"wp-block-buttons is-layout-flex wp-block-buttons-is-layout-flex\">\n<div class=\"wp-block-button\"><a class=\"wp-block-button__link wp-element-button\" href=\"https:\/\/www.cairn.info\/revue-travail-et-apprentissages-2020-1.htm\">Acc\u00e9der au num\u00e9ro<\/a><\/div>\n<\/div>\n<\/div>\n<\/div>\n\n\n\n<div style=\"height:40px\" aria-hidden=\"true\" class=\"wp-block-spacer\"><\/div>\n\n\n\n<h2 class=\"wp-block-heading has-text-align-center\">Sommaire<\/h2>\n\n\n\n<hr class=\"wp-block-separator has-alpha-channel-opacity\"\/>\n\n\n\n<p><strong>Les affects comme organisateurs de l\u2019activit\u00e9<\/strong><em> <\/em><em>\u2013 Patrick Mayen<\/em><\/p>\n\n\n\n<p><strong>Quand les tensions entre organisateurs de l\u2019activit\u00e9 m\u00e8nent \u00e0 la rupture. \u00c9tude de l\u2019identit\u00e9-en-acte d\u2019une<\/strong> <strong>enseignante<\/strong><em> <\/em><em>\u2013 Charlotte Dejaegher, Patricia Schilllings<\/em><\/p>\n\n\n\n<p><strong>La dimension affective comme moyen de l\u2019activit\u00e9 et de son apprentissage. Le cas de la formation des professeurs techniques de l\u2019enseignement agricole<\/strong> <em>\u2013Guillaume Gillet, Nina Asloum<\/em><\/p>\n\n\n\n<p><strong>L\u2019analyse de l\u2019activit\u00e9 en situation professionnelle comme ressource dans la formation au CFA<\/strong> <em>\u2013Pierre Lecefel<\/em><\/p>\n\n\n\n<p><strong>La fiction p\u00e9dagogique, un instrument de formation-accompagnement. Principes, raisons et conception<\/strong> <em>\u2013 Isabelle Gaborieau<\/em><\/p>\n\n\n\n<p><strong>Valoriser et d\u00e9velopper l\u2019intelligence dans des situations critiques&nbsp;: les d\u00e9fis pour le formateur en milieu de travail<\/strong> <em>\u2013 Mariachiara Pacquola<\/em><\/p>\n\n\n\n<p><strong>La formation professionnelle comme \u00e9ducation du regard au travail<\/strong><em> <\/em><em>\u2013 Guy Jobert<\/em><\/p>\n\n\n\n<div style=\"height:100px\" aria-hidden=\"true\" class=\"wp-block-spacer\"><\/div>\n","protected":false},"excerpt":{"rendered":"<p>Varia Travail et apprentissages N\u00b020 Coordination : Patrick Mayen \u00c9ditions Raison et Passions, 2020 Sommaire Les affects comme organisateurs de l\u2019activit\u00e9 \u2013 Patrick Mayen Quand les tensions entre organisateurs de l\u2019activit\u00e9 m\u00e8nent \u00e0 la rupture. \u00c9tude de l\u2019identit\u00e9-en-acte d\u2019une enseignante \u2013 Charlotte Dejaegher, Patricia Schilllings La dimension affective comme moyen de l\u2019activit\u00e9 et de son [&hellip;]<\/p>\n","protected":false},"author":1,"featured_media":0,"parent":0,"menu_order":0,"comment_status":"closed","ping_status":"closed","template":"","meta":{"footnotes":""},"class_list":["post-237","page","type-page","status-publish","hentry"],"_links":{"self":[{"href":"https:\/\/travailetapprentissages.fr\/index.php?rest_route=\/wp\/v2\/pages\/237","targetHints":{"allow":["GET"]}}],"collection":[{"href":"https:\/\/travailetapprentissages.fr\/index.php?rest_route=\/wp\/v2\/pages"}],"about":[{"href":"https:\/\/travailetapprentissages.fr\/index.php?rest_route=\/wp\/v2\/types\/page"}],"author":[{"embeddable":true,"href":"https:\/\/travailetapprentissages.fr\/index.php?rest_route=\/wp\/v2\/users\/1"}],"replies":[{"embeddable":true,"href":"https:\/\/travailetapprentissages.fr\/index.php?rest_route=%2Fwp%2Fv2%2Fcomments&post=237"}],"version-history":[{"count":9,"href":"https:\/\/travailetapprentissages.fr\/index.php?rest_route=\/wp\/v2\/pages\/237\/revisions"}],"predecessor-version":[{"id":771,"href":"https:\/\/travailetapprentissages.fr\/index.php?rest_route=\/wp\/v2\/pages\/237\/revisions\/771"}],"wp:attachment":[{"href":"https:\/\/travailetapprentissages.fr\/index.php?rest_route=%2Fwp%2Fv2%2Fmedia&parent=237"}],"curies":[{"name":"wp","href":"https:\/\/api.w.org\/{rel}","templated":true}]}}