{"id":245,"date":"2024-08-08T16:05:51","date_gmt":"2024-08-08T14:05:51","guid":{"rendered":"https:\/\/travailetapprentissages.fr\/?page_id=245"},"modified":"2024-08-22T15:38:53","modified_gmt":"2024-08-22T13:38:53","slug":"245-2","status":"publish","type":"page","link":"https:\/\/travailetapprentissages.fr\/?page_id=245","title":{"rendered":""},"content":{"rendered":"\n<div class=\"wp-block-columns alignwide is-layout-flex wp-container-core-columns-is-layout-28f84493 wp-block-columns-is-layout-flex\">\n<div class=\"wp-block-column is-layout-flow wp-block-column-is-layout-flow\" style=\"flex-basis:33.33%\">\n<figure class=\"wp-block-image alignright size-full is-resized\"><img decoding=\"async\" src=\"https:\/\/travailetapprentissages.fr\/wp-content\/uploads\/2024\/08\/19-001-2-scaled.jpg\" alt=\"\" class=\"wp-image-482\" style=\"width:252px;height:auto\"\/><\/figure>\n<\/div>\n\n\n\n<div class=\"wp-block-column is-layout-flow wp-block-column-is-layout-flow\" style=\"flex-basis:66.66%\">\n<h2 class=\"wp-block-heading\">M\u00e9tier(s) du travail social en analyse(s) <\/h2>\n\n\n\n<p><strong>Travail et apprentissages N\u00b019<\/strong><\/p>\n\n\n\n<p>Coordination : Philippe Lyet et Paul Olry<\/p>\n\n\n\n<p>\u00c9ditions Raison et Passions, 2017<\/p>\n\n\n\n<div class=\"wp-block-buttons is-layout-flex wp-block-buttons-is-layout-flex\">\n<div class=\"wp-block-button\"><a class=\"wp-block-button__link wp-element-button\" href=\"https:\/\/www.cairn.info\/revue-travail-et-apprentissages-2017-1.htm\">Acc\u00e9der au num\u00e9ro<\/a><\/div>\n<\/div>\n<\/div>\n<\/div>\n\n\n\n<div style=\"height:40px\" aria-hidden=\"true\" class=\"wp-block-spacer\"><\/div>\n\n\n\n<h2 class=\"wp-block-heading has-text-align-center\">Sommaire<\/h2>\n\n\n\n<hr class=\"wp-block-separator has-alpha-channel-opacity\"\/>\n\n\n\n<p><strong>Comprendre le travail social et ses m\u00e9tiers comme des espaces d\u2019hybridations<\/strong> <em>\u2013<\/em> <em>Philippe Lyet<\/em><\/p>\n\n\n\n<p><strong>Recompositions des professions sociales<\/strong> <em>\u2013<\/em> <em>Yvette Molina<\/em><\/p>\n\n\n\n<p><strong>Exp\u00e9riences d\u2019un cheminement de pens\u00e9e dans des pratiques d\u2019analyse de l\u2019activit\u00e9 en travail social&nbsp;: une suite de rencontres avec des effets et des transformations<\/strong> <em>\u2013<\/em> <em>Sylvie Mezzena, Kim Stroumza<\/em><\/p>\n\n\n\n<p><strong>L\u2019accompagnement des mineurs sous main de justice entre t\u00e2tonnements prudentiels et recomposition de l\u2019ordre \u00e9ducatif<\/strong><em> \u2013<\/em> <em>Catherine Lenzi<\/em><\/p>\n\n\n\n<p><strong>L\u2019\u00e9change entre pairs&nbsp;: moteur d\u2019enqu\u00eate, vecteur d\u2019un d\u00e9veloppement professionnel. Visite et rencontre de<\/strong> <strong>travailleurs sociaux de la protection de l\u2019enfance avec des parents<\/strong> <em>\u2013 Paul Olry, Catherine Mayeux<\/em><\/p>\n\n\n\n<hr class=\"wp-block-separator has-alpha-channel-opacity\"\/>\n\n\n\n<p><strong>Article hors dossier<\/strong> : <strong>R\u00e9flexion dans l\u2019action du stagiaire&nbsp;: d\u00e9veloppement d\u2019un outil pour les \u00e9l\u00e8ves en Sant\u00e9, assistance et soins<\/strong> <strong>infirmiers (SASI) au Qu\u00e9bec<\/strong> <em>\u2013<\/em> <em>Johanna Bisson, Claudia Gagnon<\/em><\/p>\n\n\n\n<div style=\"height:100px\" aria-hidden=\"true\" class=\"wp-block-spacer\"><\/div>\n","protected":false},"excerpt":{"rendered":"<p>M\u00e9tier(s) du travail social en analyse(s) Travail et apprentissages N\u00b019 Coordination : Philippe Lyet et Paul Olry \u00c9ditions Raison et Passions, 2017 Sommaire Comprendre le travail social et ses m\u00e9tiers comme des espaces d\u2019hybridations \u2013 Philippe Lyet Recompositions des professions sociales \u2013 Yvette Molina Exp\u00e9riences d\u2019un cheminement de pens\u00e9e dans des pratiques d\u2019analyse de l\u2019activit\u00e9 [&hellip;]<\/p>\n","protected":false},"author":1,"featured_media":0,"parent":0,"menu_order":0,"comment_status":"closed","ping_status":"closed","template":"","meta":{"footnotes":""},"class_list":["post-245","page","type-page","status-publish","hentry"],"_links":{"self":[{"href":"https:\/\/travailetapprentissages.fr\/index.php?rest_route=\/wp\/v2\/pages\/245","targetHints":{"allow":["GET"]}}],"collection":[{"href":"https:\/\/travailetapprentissages.fr\/index.php?rest_route=\/wp\/v2\/pages"}],"about":[{"href":"https:\/\/travailetapprentissages.fr\/index.php?rest_route=\/wp\/v2\/types\/page"}],"author":[{"embeddable":true,"href":"https:\/\/travailetapprentissages.fr\/index.php?rest_route=\/wp\/v2\/users\/1"}],"replies":[{"embeddable":true,"href":"https:\/\/travailetapprentissages.fr\/index.php?rest_route=%2Fwp%2Fv2%2Fcomments&post=245"}],"version-history":[{"count":10,"href":"https:\/\/travailetapprentissages.fr\/index.php?rest_route=\/wp\/v2\/pages\/245\/revisions"}],"predecessor-version":[{"id":772,"href":"https:\/\/travailetapprentissages.fr\/index.php?rest_route=\/wp\/v2\/pages\/245\/revisions\/772"}],"wp:attachment":[{"href":"https:\/\/travailetapprentissages.fr\/index.php?rest_route=%2Fwp%2Fv2%2Fmedia&parent=245"}],"curies":[{"name":"wp","href":"https:\/\/api.w.org\/{rel}","templated":true}]}}