{"id":29,"date":"2024-08-07T15:10:37","date_gmt":"2024-08-07T13:10:37","guid":{"rendered":"https:\/\/travailetapprentissages.fr\/?page_id=29"},"modified":"2025-02-21T10:28:56","modified_gmt":"2025-02-21T09:28:56","slug":"le-comite-de-redaction","status":"publish","type":"page","link":"https:\/\/travailetapprentissages.fr\/?page_id=29","title":{"rendered":"Comit\u00e9 de r\u00e9daction"},"content":{"rendered":"\n<div class=\"wp-block-columns alignwide is-layout-flex wp-container-core-columns-is-layout-87beb0d0 wp-block-columns-is-layout-flex\">\n<div class=\"wp-block-column is-layout-flow wp-block-column-is-layout-flow\">\n<figure class=\"wp-block-table\"><table class=\"has-fixed-layout\"><tbody><tr><td><strong>Becceril-Ortega Raquel<\/strong><\/td><td>Haute Ecole de Sant\u00e9 Vaud, CH<\/td><\/tr><tr><td><strong>David Marie<\/strong><\/td><td>Universit\u00e9 de Bourgogne Europe, L\u2019Institut Agro Dijon, F<\/td><\/tr><tr><td><strong>Drakos Art\u00e9mis<\/strong><\/td><td>Universit\u00e9 de Bourgogne Europe, L\u2019Institut Agro Dijon, F<\/td><\/tr><tr><td><strong>Filliettaz Laurent<\/strong><\/td><td>Universit\u00e9 de Gen\u00e8ve, CH<\/td><\/tr><tr><td><strong>Flandin<\/strong> <strong>Simon <\/strong><\/td><td>Universit\u00e9 de Gen\u00e8ve, CH<\/td><\/tr><tr><td><strong>Gu\u00e9rin J\u00e9r\u00f4me<\/strong><\/td><td>Facult\u00e9 des sciences du sport et de l&rsquo;\u00e9ducation, Universit\u00e9 de Bretagne Occidentale, Brest, F<\/td><\/tr><tr><td><strong>Menacci Nicole<\/strong><\/td><td>Universit\u00e9 Aix-Marseille, F<\/td><\/tr><tr><td><strong>M\u00e9tral Jean-Fran\u00e7ois<\/strong><\/td><td>Universit\u00e9 de Bourgogne Europe, L\u2019Institut Agro Dijon, F<\/td><\/tr><tr><td><strong>Munoz Gregory<\/strong><\/td><td>Universit\u00e9 de Nantes, F<\/td><\/tr><tr><td><strong>Pacquola Mariachiara<\/strong><\/td><td>IUSVE, Institut Universitaire Sal\u00e9sien de Venise, Universit\u00e9 Pontificale de Rome, Italie<\/td><\/tr><tr><td><strong>Petit Lucie<\/strong><\/td><td>Universit\u00e9 de Lille, F<\/td><\/tr><tr><td><strong>Holgado Otilia<\/strong><\/td><td>Universit\u00e9 de Sherbrooke, Qu\u00e9bec, Canada<\/td><\/tr><tr><td><strong>Raisky<\/strong> <strong>Claude<\/strong><\/td><td>Editions Raison et Passions, F<\/td><\/tr><tr><td><strong>Saillot Eric<\/strong><\/td><td>Universit\u00e9 de Caen Normandie, F<\/td><\/tr><tr><td><strong>Schillings<\/strong> <strong>Patricia <\/strong><\/td><td>Universit\u00e9 de Li\u00e8ge, Belgique<\/td><\/tr><tr><td><strong>Vadcard<\/strong> <strong>Lucile <\/strong><\/td><td>Universit\u00e9 de Grenoble-Alpes, F<\/td><\/tr><tr><td><strong>Veillard Laurent<\/strong><\/td><td>Universit\u00e9 de Bourgogne Europe, L\u2019Institut Agro Dijon, F<\/td><\/tr><tr><td><strong>Veyrac H\u00e9l\u00e8ne<\/strong><\/td><td>ENSFEA Toulouse, F<\/td><\/tr><\/tbody><\/table><\/figure>\n\n\n\n<p class=\"has-text-align-center wp-container-content-9cfa9a5a\" style=\"font-size:0px\">La revue accueillera dans ses pages tout article qui apportera des \u00e9l\u00e9ments visant la compr\u00e9hension de ces processus, quel que soit le champ professionnel concern\u00e9 (des activit\u00e9s artisanales au pilotage d\u2019ensembles industriels complexes, de la gestion de syst\u00e8mes dynamiques \u00e0 celle des relations humaines, de la relation de service au travail enseignant\u2026), et sans exclusive de r\u00e9f\u00e9rences th\u00e9oriques, de m\u00e9thodes d\u2019investigation et d\u2019analyses&nbsp;: psychologie, ergonomie, didactiques, linguistique, sciences de l\u2019\u00e9ducation et de la formation, sociologie, anthropologie, gestion&nbsp;\u2026, dont les recherches qui s\u2019int\u00e9ressent \u00e0 l\u2019analyse de l&rsquo;activit\u00e9 au travail et en formation dans une perspective de formation ou de d\u00e9veloppement des comp\u00e9tences. Elle accepte des articles de diff\u00e9rentes formes sous r\u00e9serve qu\u2019ils soient coh\u00e9rents avec la pr\u00e9sente ligne \u00e9ditoriale&nbsp;:<\/p>\n<\/div>\n<\/div>\n","protected":false},"excerpt":{"rendered":"<p>Becceril-Ortega Raquel Haute Ecole de Sant\u00e9 Vaud, CH David Marie Universit\u00e9 de Bourgogne Europe, L\u2019Institut Agro Dijon, F Drakos Art\u00e9mis Universit\u00e9 de Bourgogne Europe, L\u2019Institut Agro Dijon, F Filliettaz Laurent Universit\u00e9 de Gen\u00e8ve, CH Flandin Simon Universit\u00e9 de Gen\u00e8ve, CH Gu\u00e9rin J\u00e9r\u00f4me Facult\u00e9 des sciences du sport et de l&rsquo;\u00e9ducation, Universit\u00e9 de Bretagne Occidentale, Brest, [&hellip;]<\/p>\n","protected":false},"author":1,"featured_media":0,"parent":0,"menu_order":0,"comment_status":"closed","ping_status":"closed","template":"","meta":{"footnotes":""},"class_list":["post-29","page","type-page","status-publish","hentry"],"_links":{"self":[{"href":"https:\/\/travailetapprentissages.fr\/index.php?rest_route=\/wp\/v2\/pages\/29","targetHints":{"allow":["GET"]}}],"collection":[{"href":"https:\/\/travailetapprentissages.fr\/index.php?rest_route=\/wp\/v2\/pages"}],"about":[{"href":"https:\/\/travailetapprentissages.fr\/index.php?rest_route=\/wp\/v2\/types\/page"}],"author":[{"embeddable":true,"href":"https:\/\/travailetapprentissages.fr\/index.php?rest_route=\/wp\/v2\/users\/1"}],"replies":[{"embeddable":true,"href":"https:\/\/travailetapprentissages.fr\/index.php?rest_route=%2Fwp%2Fv2%2Fcomments&post=29"}],"version-history":[{"count":7,"href":"https:\/\/travailetapprentissages.fr\/index.php?rest_route=\/wp\/v2\/pages\/29\/revisions"}],"predecessor-version":[{"id":907,"href":"https:\/\/travailetapprentissages.fr\/index.php?rest_route=\/wp\/v2\/pages\/29\/revisions\/907"}],"wp:attachment":[{"href":"https:\/\/travailetapprentissages.fr\/index.php?rest_route=%2Fwp%2Fv2%2Fmedia&parent=29"}],"curies":[{"name":"wp","href":"https:\/\/api.w.org\/{rel}","templated":true}]}}