{"id":38,"date":"2024-08-07T15:15:37","date_gmt":"2024-08-07T13:15:37","guid":{"rendered":"https:\/\/travailetapprentissages.fr\/?page_id=38"},"modified":"2025-02-21T10:34:05","modified_gmt":"2025-02-21T09:34:05","slug":"le-conseil-scientifique","status":"publish","type":"page","link":"https:\/\/travailetapprentissages.fr\/?page_id=38","title":{"rendered":"Comit\u00e9 scientifique"},"content":{"rendered":"\n<div class=\"wp-block-columns alignwide is-layout-flex wp-container-core-columns-is-layout-87beb0d0 wp-block-columns-is-layout-flex\">\n<div class=\"wp-block-column is-layout-flow wp-block-column-is-layout-flow\">\n<p class=\"has-text-align-center wp-container-content-9cfa9a5a\" style=\"font-size:0px\">La revue accueillera dans ses pages tout article qui apportera des \u00e9l\u00e9ments visant la compr\u00e9hension de ces processus, quel que soit le champ professionnel concern\u00e9 (des activit\u00e9s artisanales au pilotage d\u2019ensembles industriels complexes, de la gestion de syst\u00e8mes dynamiques \u00e0 celle des relations humaines, de la relation de service au travail enseignant\u2026), et sans exclusive de r\u00e9f\u00e9rences th\u00e9oriques, de m\u00e9thodes d\u2019investigation et d\u2019analyses\u00a0: psychologie, ergonomie, didactiques, linguistique, sciences de l\u2019\u00e9ducation et de la formation, sociologie, anthropologie, gestion\u00a0\u2026, dont les recherches qui s\u2019int\u00e9ressent \u00e0 l\u2019analyse de l&rsquo;activit\u00e9 au travail et en formation dans une perspective de formation ou de d\u00e9veloppement des comp\u00e9tences. Elle accepte des articles de diff\u00e9rentes formes sous r\u00e9serve qu\u2019ils soient coh\u00e9rents avec la pr\u00e9sente ligne \u00e9ditoriale\u00a0:<\/p>\n\n\n\n<figure class=\"wp-block-table\"><table class=\"has-fixed-layout\"><tbody><tr><td><strong>Barbier Jean-Marie<\/strong><strong><\/strong><\/td><td>UR Formation et Apprentissages Professionnels &#8211; Le Cnam Paris<\/td><\/tr><tr><td><strong>Beguin Pascal<\/strong><strong><\/strong><\/td><td>\u00a0Institut d&rsquo;\u00e9tudes du travail de Lyon, Universit\u00e9 Lyon 2<\/td><\/tr><tr><td><strong>Bocarra<\/strong><strong> Vincent<\/strong><\/td><td>LISN &#8211; Universit\u00e9 Paris Saclay<\/td><\/tr><tr><td><strong>Boucheix Jean-Michel<\/strong><strong><\/strong><\/td><td>LEAD \u2013 Universit\u00e9 de Bourgogne<\/td><\/tr><tr><td><strong>Boudreault Henri<\/strong><strong><\/strong><\/td><td>Universit\u00e9 du Qu\u00e9bec A Montr\u00e9al, Canada<\/td><\/tr><tr><td><strong>Bourmaud Ga\u00ebtan<\/strong><strong><u><\/u><\/strong><\/td><td>Laboratoire C3U, Paragraphe \u2013 Universit\u00e9 Paris 8)<\/td><\/tr><tr><td><strong>Cavaco Carmen<\/strong><strong><\/strong><\/td><td>Universit\u00e9 de Lisbonne, Portugal<\/td><\/tr><tr><td><strong>Cerf Marianne<\/strong><strong><\/strong><\/td><td>UMR SADAPT, INRAE<\/td><\/tr><tr><td><strong>Chakroun&nbsp;Borh\u00e8ne<\/strong><strong><\/strong><\/td><td>UNESCO<\/td><\/tr><tr><td><strong>Chopin Marie-Pierre<\/strong><\/td><td>Laboratoire CeDS, Universit\u00e9 Bordeaux<\/td><\/tr><tr><td><strong>Ciavaldini-Cartaut Solange<\/strong><\/td><td>LAPCOS, Universit\u00e9 de C\u00f4te d&rsquo;Azur\u00a0\u00a0\u00a0\u00a0\u00a0\u00a0\u00a0\u00a0\u00a0\u00a0<\/td><\/tr><tr><td><strong>Cunha Daisy<\/strong><strong><\/strong><\/td><td>Universit\u00e9 F\u00e9d\u00e9rale de Minas Gerais, Br\u00e9sil<\/td><\/tr><tr><td><strong>De Saint Georges Ingrid<\/strong><strong><\/strong><\/td><td>Universit\u00e9 du Luxembourg, Luxembourg\u00a0\u00a0\u00a0\u00a0<\/td><\/tr><tr><td><strong>Fernagu-Oudet Solveig<\/strong><\/td><td>LINEACT, CESI<\/td><\/tr><tr><td><strong>Folcher Viviane<\/strong><\/td><td>UR Formation et Apprentissages Professionnels, L&rsquo;Institut Agro Dijon<\/td><\/tr><tr><td><strong>Gagnon Claudia<\/strong><strong><\/strong><\/td><td>Universit\u00e9 de Sherbrooke, Qu\u00e9bec, Canada<\/td><\/tr><tr><td><strong>Giret J Fran\u00e7ois<\/strong><\/td><td>CEREQ<\/td><\/tr><tr><td><strong>Glaymann Dominique<\/strong><\/td><td>Centre Pierre Naville, Universit\u00e9 d\u2019\u00c9vry Val d\u2019Essonne<\/td><\/tr><tr><td><strong>Lacomblez Marianne<\/strong><strong><\/strong><\/td><td>Centro de Psicologia da Universidade do Porto, Universit\u00e9 de Porto, Portugal<\/td><\/tr><tr><td><strong>Lamamra Nadia<\/strong><strong><\/strong><\/td><td>HEFP Lausanne, Suisse<\/td><\/tr><tr><td><strong>Loarer&nbsp;Even<\/strong><strong><\/strong><\/td><td>INETOP, Cnam Paris<\/td><\/tr><tr><td><strong>Loizon Denis<\/strong><strong><\/strong><\/td><td>IREDU, Universit\u00e9 de Bourgogne Europe<\/td><\/tr><tr><td><strong>Mayen Patrick<\/strong><strong><\/strong><\/td><td>UR Formation et Apprentissages Professionnels, L&rsquo;Institut Agro Dijon<\/td><\/tr><tr><td><strong>Mollo Vanina<\/strong><strong><\/strong><\/td><td>CRTD, Le Cnam Paris<\/td><\/tr><tr><td><strong>Mottier Loppez Lucie<\/strong><strong><\/strong><\/td><td>Groupe <strong>\u00c9<\/strong>valuer, <strong>R<\/strong>\u00e9guler\u00a0<strong>e<\/strong>t <strong>D<\/strong>iff\u00e9rencier pour apprendre, Universit\u00e9 de Gen\u00e8ve, Suisse<\/td><\/tr><tr><td><strong>Mvoto&nbsp;Colette<\/strong><\/td><td>ENSET, Universit\u00e9 de Douala, Cameroun\u00a0<\/td><\/tr><tr><td><strong>Numa-Boccage<\/strong><strong> Line<\/strong><\/td><td>Laboratoire BONHEURS, Universit\u00e9 de Cergy<\/td><\/tr><tr><td><strong>Olry Paul<\/strong><strong><\/strong><\/td><td>UR Formation et Apprentissages Professionnels, L&rsquo;Institut Agro Dijon<\/td><\/tr><tr><td><strong>Orange Christian<\/strong><strong><\/strong><\/td><td><a href=\"https:\/\/cren.univ-nantes.fr\/contact\">Centre de recherche en \u00e9ducation de Nantes<\/a>, Universit\u00e9 de Nantes<\/td><\/tr><tr><td><strong>Poizat Germain <\/strong><strong><\/strong><\/td><td>Equipe CRAFT, Universit\u00e9 de Gen\u00e8ve<\/td><\/tr><tr><td><strong>Ria Luc<\/strong><strong><\/strong><\/td><td>Institut Fran\u00e7ais d&rsquo;Education, ENS Lyon<\/td><\/tr><tr><td><strong>Rogalski Janine<\/strong><strong><\/strong><\/td><td>Laboratoire de Didactique Andr\u00e9 Revuz<\/td><\/tr><tr><td><strong>Saussez Fr\u00e9d\u00e9ric<\/strong><strong><\/strong><\/td><td>Universit\u00e9 de Sherbrooke, Qu\u00e9bec, Canada<\/td><\/tr><tr><td><strong>Schwartz Yves <\/strong><strong><\/strong><\/td><td>Centre d\u2019\u00e9pist\u00e9mologie et d\u2019ergologie comparatives, Universit\u00e9 de Provence<\/td><\/tr><tr><td><strong>Sensevy G\u00e9rard<\/strong><strong><\/strong><\/td><td>CREAD, Universit\u00e9 de Bretagne Occidentale\u00a0\u00a0\u00a0\u00a0\u00a0\u00a0\u00a0\u00a0<\/td><\/tr><tr><td><strong>Stroumza Kim <\/strong><strong><\/strong><\/td><td>Equipe CRAFT, Haute \u00c9cole de Travail Social, Gen\u00e8ve<\/td><\/tr><tr><td><strong>Thievenaz Joris<\/strong><\/td><td>LIRTES, Universit\u00e9 Paris-Cr\u00e9teil Val de Marnes<\/td><\/tr><tr><td><strong>Tourmen<\/strong><strong> Claire<\/strong><strong><\/strong><\/td><td>Universit\u00e9 de Berkeley, USA<\/td><\/tr><tr><td><strong>Triby Emmanuel<\/strong><strong><\/strong><\/td><td>LISEC, Universit\u00e9 de Strasbourg<\/td><\/tr><tr><td><strong>Vidal-Gomel Christine <\/strong><strong><\/strong><\/td><td><a href=\"https:\/\/cren.univ-nantes.fr\/contact\">Centre de recherche en \u00e9ducation de Nantes<\/a>, Universit\u00e9 de Nantes<\/td><\/tr><tr><td><strong>Vinatier Isabelle<\/strong><strong><\/strong><\/td><td><a href=\"https:\/\/cren.univ-nantes.fr\/contact\">Centre de recherche en \u00e9ducation de Nantes<\/a>, Universit\u00e9 de Nantes<\/td><\/tr><tr><td><strong>Zakaria Norma<\/strong><strong><\/strong><\/td><td>Facult\u00e9 de Philosophie et des Sciences Humaines (USEK), Liban<\/td><\/tr><\/tbody><\/table><\/figure>\n\n\n\n<p class=\"has-text-align-center wp-container-content-9cfa9a5a\" style=\"font-size:0px\"><\/p>\n<\/div>\n<\/div>\n\n\n\n<p><\/p>\n","protected":false},"excerpt":{"rendered":"<p>La revue accueillera dans ses pages tout article qui apportera des \u00e9l\u00e9ments visant la compr\u00e9hension de ces processus, quel que soit le champ professionnel concern\u00e9 (des activit\u00e9s artisanales au pilotage d\u2019ensembles industriels complexes, de la gestion de syst\u00e8mes dynamiques \u00e0 celle des relations humaines, de la relation de service au travail enseignant\u2026), et sans exclusive [&hellip;]<\/p>\n","protected":false},"author":1,"featured_media":0,"parent":0,"menu_order":0,"comment_status":"closed","ping_status":"closed","template":"","meta":{"footnotes":""},"class_list":["post-38","page","type-page","status-publish","hentry"],"_links":{"self":[{"href":"https:\/\/travailetapprentissages.fr\/index.php?rest_route=\/wp\/v2\/pages\/38","targetHints":{"allow":["GET"]}}],"collection":[{"href":"https:\/\/travailetapprentissages.fr\/index.php?rest_route=\/wp\/v2\/pages"}],"about":[{"href":"https:\/\/travailetapprentissages.fr\/index.php?rest_route=\/wp\/v2\/types\/page"}],"author":[{"embeddable":true,"href":"https:\/\/travailetapprentissages.fr\/index.php?rest_route=\/wp\/v2\/users\/1"}],"replies":[{"embeddable":true,"href":"https:\/\/travailetapprentissages.fr\/index.php?rest_route=%2Fwp%2Fv2%2Fcomments&post=38"}],"version-history":[{"count":6,"href":"https:\/\/travailetapprentissages.fr\/index.php?rest_route=\/wp\/v2\/pages\/38\/revisions"}],"predecessor-version":[{"id":908,"href":"https:\/\/travailetapprentissages.fr\/index.php?rest_route=\/wp\/v2\/pages\/38\/revisions\/908"}],"wp:attachment":[{"href":"https:\/\/travailetapprentissages.fr\/index.php?rest_route=%2Fwp%2Fv2%2Fmedia&parent=38"}],"curies":[{"name":"wp","href":"https:\/\/api.w.org\/{rel}","templated":true}]}}