{"id":397,"date":"2024-08-09T12:31:26","date_gmt":"2024-08-09T10:31:26","guid":{"rendered":"https:\/\/travailetapprentissages.fr\/?page_id=397"},"modified":"2024-08-22T15:45:42","modified_gmt":"2024-08-22T13:45:42","slug":"397-2","status":"publish","type":"page","link":"https:\/\/travailetapprentissages.fr\/?page_id=397","title":{"rendered":""},"content":{"rendered":"\n<div class=\"wp-block-columns alignwide is-layout-flex wp-container-core-columns-is-layout-28f84493 wp-block-columns-is-layout-flex\">\n<div class=\"wp-block-column is-layout-flow wp-block-column-is-layout-flow\" style=\"flex-basis:33.33%\">\n<figure class=\"wp-block-image alignright size-full is-resized\"><img loading=\"lazy\" decoding=\"async\" width=\"1749\" height=\"2560\" src=\"https:\/\/travailetapprentissages.fr\/wp-content\/uploads\/2024\/08\/9-001-2-scaled.jpg\" alt=\"\" class=\"wp-image-450\" style=\"width:252px;height:auto\" srcset=\"https:\/\/travailetapprentissages.fr\/wp-content\/uploads\/2024\/08\/9-001-2-scaled.jpg 1749w, https:\/\/travailetapprentissages.fr\/wp-content\/uploads\/2024\/08\/9-001-2-205x300.jpg 205w, https:\/\/travailetapprentissages.fr\/wp-content\/uploads\/2024\/08\/9-001-2-700x1024.jpg 700w, https:\/\/travailetapprentissages.fr\/wp-content\/uploads\/2024\/08\/9-001-2-768x1124.jpg 768w, https:\/\/travailetapprentissages.fr\/wp-content\/uploads\/2024\/08\/9-001-2-1049x1536.jpg 1049w, https:\/\/travailetapprentissages.fr\/wp-content\/uploads\/2024\/08\/9-001-2-1399x2048.jpg 1399w\" sizes=\"auto, (max-width: 1749px) 100vw, 1749px\" \/><\/figure>\n<\/div>\n\n\n\n<div class=\"wp-block-column is-layout-flow wp-block-column-is-layout-flow\" style=\"flex-basis:66.66%\">\n<h2 class=\"wp-block-heading\">Enjeux, formes et r\u00f4les des processus collaboratifs entre chercheurs et professionnels de la formation\u00a0: pour quelle efficacit\u00e9\u00a0?<\/h2>\n\n\n\n<p><strong>Travail et apprentissages N\u00b09<\/strong><\/p>\n\n\n\n<p>Coordination : Isabelle Vinatier, Laurent Filliettaz et Sabine Kahn<\/p>\n\n\n\n<p>\u00c9ditions Raison et Passions, 2012<\/p>\n\n\n\n<div class=\"wp-block-buttons is-layout-flex wp-block-buttons-is-layout-flex\">\n<div class=\"wp-block-button\"><a class=\"wp-block-button__link wp-element-button\" href=\"https:\/\/www.cairn.info\/revue-travail-et-apprentissages-2012-1.htm\">Acc\u00e9der au num\u00e9ro<\/a><\/div>\n<\/div>\n<\/div>\n<\/div>\n\n\n\n<div style=\"height:40px\" aria-hidden=\"true\" class=\"wp-block-spacer\"><\/div>\n\n\n\n<h2 class=\"wp-block-heading has-text-align-center\">Sommaire<\/h2>\n\n\n\n<hr class=\"wp-block-separator has-alpha-channel-opacity\"\/>\n\n\n\n<p><strong>Introduction<\/strong> <em>\u2013<\/em> <em>Isabelle Vinatier, Laurent Filliettaz, Sabine Kahn<\/em><\/p>\n\n\n\n<p><strong>La recherche collaborative entre recherche-action et recherche partenariale&nbsp;: sp\u00e9cificit\u00e9s et implications pour la<\/strong> <strong>recherche en \u00e9ducationsibilit\u00e9<\/strong> <em>\u2013<\/em> <em>Yves Lenoir<\/em><\/p>\n\n\n\n<p><strong>Collaboration chercheurs-formateurs pour la conception d\u2019un outil d\u2019aide au transfert de connaissances<\/strong> <strong>enseign\u00e9es dans une formation par alternance des techniciens sup\u00e9rieurs<\/strong> <em>\u2013<\/em> <em>Laurent Veillard, Dares Kouam\u00e9 Kouassi<\/em><\/p>\n\n\n\n<p><strong>Une perspective interactionnelle et multimodale sur les pratiques de formation professionnelle initiale&nbsp;: de la<\/strong> <strong>conduite d\u2019une d\u00e9marche de recherche \u00e0 la conception de dispositifs de formation de formateurs<\/strong> <em>\u2013<\/em> <em>Laurent Filliettaz<\/em><\/p>\n\n\n\n<p><strong>Enjeux de la collaboration entre chercheur et formateur dans la conception de la formation des sages-femmes&nbsp;:<\/strong> <strong>\u00ab&nbsp;HU 34&nbsp;\u00bb, une \u00e9tude de cas dans la consultation au 8<sup>e<\/sup> mois de la grossesse<\/strong> <em>\u2013<\/em> <em>Isabelle Vinatier, Nathalie Le Guillanton<\/em><\/p>\n\n\n\n<p><strong>Collaboration entre praticiens et chercheurs sur la plateforme N\u00e9opass@ction&nbsp;: l\u2019activit\u00e9 d\u00e9butante comme objet d\u2019\u00e9tude<\/strong> <em>\u2013<\/em> <em>Luc Ria<\/em><\/p>\n\n\n\n<p><strong>Un dispositif de formation-recherche en didactique des langues \u00e9trang\u00e8res&nbsp;: mod\u00e8les th\u00e9oriques et pistes<\/strong> <strong>d\u2019am\u00e9lioration<\/strong> <em>\u2013<\/em> <em>Germain Simons<\/em><\/p>\n\n\n\n<p><strong>Formation continue en ligne des enseignants \u00e0 l\u2019universit\u00e9 de Macerata&nbsp;: un parcours entre savoirs th\u00e9oriques et savoirs pratiques<\/strong> <em>\u2013<\/em> <em>Patrizia Magnoler, Pier Giuseppe Rossi, Fabiola Scagnetti<\/em><\/p>\n\n\n\n<p><strong>Opportunit\u00e9s de construction de savoirs professionnels dans les entretiens de stage<\/strong> <em>\u2013<\/em> <em>Kristine Balslev, Edyta Tominska<\/em><\/p>\n\n\n\n<p><strong>Interpr\u00e9tation d\u2019une recherche collaborative dans les termes de la \u00ab&nbsp;valuation&nbsp;\u00bb de Dewey<\/strong> <em>\u2013<\/em> <em>Lucie Mottier Lopez<\/em><\/p>\n\n\n\n<p><strong>\u00ab&nbsp;Faire cas&nbsp;\u00bb de sa pratique enseignante dans le cadre d\u2019une approche collaborative<\/strong> <em>\u2013<\/em> <em>Jo\u00ealle Morrissette<\/em><\/p>\n\n\n\n<p><strong>L\u2019approche collaborative de recherche \u00e0 l\u2019\u00e9preuve du maintien en maternelle<\/strong> <em>\u2013<\/em> <em>Sabine Kahn, Sylvie Vanlint, Charlotte Bouko<\/em><\/p>\n\n\n\n<hr class=\"wp-block-separator has-alpha-channel-opacity\"\/>\n\n\n\n<p><strong>Autre article<\/strong> <strong>: Le d\u00e9veloppement des comp\u00e9tences professionnelles en formation des ma\u00eetres&nbsp;: \u00e9tude comparative et longitudinale des deux ma\u00eetres stagiaires <\/strong><em>\u2013 Sophie Baconnet<\/em><\/p>\n\n\n\n<p><strong>Note de lecture&nbsp;: La Didactique Professionnelle <\/strong><em>\u2013 P. Pastr\u00e9. Marianne Cerf<\/em><\/p>\n\n\n\n<div style=\"height:100px\" aria-hidden=\"true\" class=\"wp-block-spacer\"><\/div>\n","protected":false},"excerpt":{"rendered":"<p>Enjeux, formes et r\u00f4les des processus collaboratifs entre chercheurs et professionnels de la formation\u00a0: pour quelle efficacit\u00e9\u00a0? Travail et apprentissages N\u00b09 Coordination : Isabelle Vinatier, Laurent Filliettaz et Sabine Kahn \u00c9ditions Raison et Passions, 2012 Sommaire Introduction \u2013 Isabelle Vinatier, Laurent Filliettaz, Sabine Kahn La recherche collaborative entre recherche-action et recherche partenariale&nbsp;: sp\u00e9cificit\u00e9s et implications [&hellip;]<\/p>\n","protected":false},"author":1,"featured_media":0,"parent":0,"menu_order":0,"comment_status":"closed","ping_status":"closed","template":"","meta":{"footnotes":""},"class_list":["post-397","page","type-page","status-publish","hentry"],"_links":{"self":[{"href":"https:\/\/travailetapprentissages.fr\/index.php?rest_route=\/wp\/v2\/pages\/397","targetHints":{"allow":["GET"]}}],"collection":[{"href":"https:\/\/travailetapprentissages.fr\/index.php?rest_route=\/wp\/v2\/pages"}],"about":[{"href":"https:\/\/travailetapprentissages.fr\/index.php?rest_route=\/wp\/v2\/types\/page"}],"author":[{"embeddable":true,"href":"https:\/\/travailetapprentissages.fr\/index.php?rest_route=\/wp\/v2\/users\/1"}],"replies":[{"embeddable":true,"href":"https:\/\/travailetapprentissages.fr\/index.php?rest_route=%2Fwp%2Fv2%2Fcomments&post=397"}],"version-history":[{"count":7,"href":"https:\/\/travailetapprentissages.fr\/index.php?rest_route=\/wp\/v2\/pages\/397\/revisions"}],"predecessor-version":[{"id":782,"href":"https:\/\/travailetapprentissages.fr\/index.php?rest_route=\/wp\/v2\/pages\/397\/revisions\/782"}],"wp:attachment":[{"href":"https:\/\/travailetapprentissages.fr\/index.php?rest_route=%2Fwp%2Fv2%2Fmedia&parent=397"}],"curies":[{"name":"wp","href":"https:\/\/api.w.org\/{rel}","templated":true}]}}