{"id":413,"date":"2024-08-09T13:21:32","date_gmt":"2024-08-09T11:21:32","guid":{"rendered":"https:\/\/travailetapprentissages.fr\/?page_id=413"},"modified":"2024-08-22T15:48:42","modified_gmt":"2024-08-22T13:48:42","slug":"413-2","status":"publish","type":"page","link":"https:\/\/travailetapprentissages.fr\/?page_id=413","title":{"rendered":""},"content":{"rendered":"\n<div class=\"wp-block-columns alignwide is-layout-flex wp-container-core-columns-is-layout-28f84493 wp-block-columns-is-layout-flex\">\n<div class=\"wp-block-column is-layout-flow wp-block-column-is-layout-flow\" style=\"flex-basis:33.33%\">\n<figure class=\"wp-block-image alignright size-large is-resized\"><img loading=\"lazy\" decoding=\"async\" width=\"701\" height=\"1024\" src=\"https:\/\/travailetapprentissages.fr\/wp-content\/uploads\/2024\/08\/5-001-2-701x1024.jpg\" alt=\"\" class=\"wp-image-447\" style=\"width:253px;height:auto\" srcset=\"https:\/\/travailetapprentissages.fr\/wp-content\/uploads\/2024\/08\/5-001-2-701x1024.jpg 701w, https:\/\/travailetapprentissages.fr\/wp-content\/uploads\/2024\/08\/5-001-2-205x300.jpg 205w, https:\/\/travailetapprentissages.fr\/wp-content\/uploads\/2024\/08\/5-001-2-768x1122.jpg 768w, https:\/\/travailetapprentissages.fr\/wp-content\/uploads\/2024\/08\/5-001-2-1051x1536.jpg 1051w, https:\/\/travailetapprentissages.fr\/wp-content\/uploads\/2024\/08\/5-001-2-1402x2048.jpg 1402w, https:\/\/travailetapprentissages.fr\/wp-content\/uploads\/2024\/08\/5-001-2-scaled.jpg 1752w\" sizes=\"auto, (max-width: 701px) 100vw, 701px\" \/><\/figure>\n<\/div>\n\n\n\n<div class=\"wp-block-column is-layout-flow wp-block-column-is-layout-flow\" style=\"flex-basis:66.66%\">\n<h2 class=\"wp-block-heading\">Hommage \u00e0 Alain Savoyant <\/h2>\n\n\n\n<p><strong>Travail et apprentissages N\u00b05<\/strong><\/p>\n\n\n\n<p>\u00c9ditions Raison et Passions, 2010<\/p>\n\n\n\n<div class=\"wp-block-buttons is-layout-flex wp-block-buttons-is-layout-flex\">\n<div class=\"wp-block-button\"><a class=\"wp-block-button__link wp-element-button\" href=\"https:\/\/www.cairn.info\/revue-travail-et-apprentissages-2010-1.htm\">Acc\u00e9der au num\u00e9ro<\/a><\/div>\n<\/div>\n<\/div>\n<\/div>\n\n\n\n<div style=\"height:40px\" aria-hidden=\"true\" class=\"wp-block-spacer\"><\/div>\n\n\n\n<h2 class=\"wp-block-heading has-text-align-center\">Sommaire<\/h2>\n\n\n\n<hr class=\"wp-block-separator has-alpha-channel-opacity\"\/>\n\n\n\n<p><strong>Jalons dans l\u2019\u0153uvre d\u2019Alain Savoyant&nbsp;<\/strong><em>\u2013 Jacques Leplat<\/em><\/p>\n\n\n\n<p><strong>Alain Savoyant saisi par le savoir<\/strong> <em>\u2013 Pierre Pastr\u00e9<\/em><\/p>\n\n\n\n<p><strong>Apprendre du travail collectif \u00e0 partir de la th\u00e9orie de l\u2019\u00e9laboration de l\u2019action chez Alain Savoyant<\/strong><em> <\/em><em>\u2013 Patrick Mayen<\/em><\/p>\n\n\n\n<p><strong>Th\u00e9orie, exp\u00e9rimentation, pratique&nbsp;: un autre courant de la psychologie russe. Des id\u00e9es \u00e0 partager avec Alain Savoyant <\/strong><em>\u2013<\/em> <em>Valery Nosulenko<\/em><\/p>\n\n\n\n<hr class=\"wp-block-separator has-alpha-channel-opacity\"\/>\n\n\n\n<p class=\"has-text-align-left\"><strong>Textes d\u2019Alain Savoyant<\/strong> <strong>:<\/strong><\/p>\n\n\n\n<p><strong>\u00c9l\u00e9ments d\u2019un cadre d\u2019analyse de l\u2019activit\u00e9&nbsp;: quelques conceptions essentielles de la psychologie sovi\u00e9tique <\/strong>(1979)<\/p>\n\n\n\n<p><strong>D\u00e9finition et voies d\u2019analyse de l\u2019activit\u00e9 collective des \u00e9quipes de travail <\/strong>(1984)<\/p>\n\n\n\n<p><strong>Une approche cognitive de l\u2019alternance<\/strong> (1996)<\/p>\n\n\n\n<p><strong>L\u2019activit\u00e9 en situation de simulation&nbsp;: objet d\u2019analyse et moyen de d\u00e9veloppement <\/strong>(2005)<\/p>\n\n\n\n<p><strong>La professionnalisation des personnels infirmiers<\/strong> (2005)<\/p>\n\n\n\n<p><strong>Activit\u00e9 et exp\u00e9rience <\/strong>(2009)<\/p>\n\n\n\n<p><strong>Bibliographie<\/strong><\/p>\n\n\n\n<div style=\"height:100px\" aria-hidden=\"true\" class=\"wp-block-spacer\"><\/div>\n","protected":false},"excerpt":{"rendered":"<p>Hommage \u00e0 Alain Savoyant Travail et apprentissages N\u00b05 \u00c9ditions Raison et Passions, 2010 Sommaire Jalons dans l\u2019\u0153uvre d\u2019Alain Savoyant&nbsp;\u2013 Jacques Leplat Alain Savoyant saisi par le savoir \u2013 Pierre Pastr\u00e9 Apprendre du travail collectif \u00e0 partir de la th\u00e9orie de l\u2019\u00e9laboration de l\u2019action chez Alain Savoyant \u2013 Patrick Mayen Th\u00e9orie, exp\u00e9rimentation, pratique&nbsp;: un autre courant [&hellip;]<\/p>\n","protected":false},"author":1,"featured_media":0,"parent":0,"menu_order":0,"comment_status":"closed","ping_status":"closed","template":"","meta":{"footnotes":""},"class_list":["post-413","page","type-page","status-publish","hentry"],"_links":{"self":[{"href":"https:\/\/travailetapprentissages.fr\/index.php?rest_route=\/wp\/v2\/pages\/413","targetHints":{"allow":["GET"]}}],"collection":[{"href":"https:\/\/travailetapprentissages.fr\/index.php?rest_route=\/wp\/v2\/pages"}],"about":[{"href":"https:\/\/travailetapprentissages.fr\/index.php?rest_route=\/wp\/v2\/types\/page"}],"author":[{"embeddable":true,"href":"https:\/\/travailetapprentissages.fr\/index.php?rest_route=\/wp\/v2\/users\/1"}],"replies":[{"embeddable":true,"href":"https:\/\/travailetapprentissages.fr\/index.php?rest_route=%2Fwp%2Fv2%2Fcomments&post=413"}],"version-history":[{"count":6,"href":"https:\/\/travailetapprentissages.fr\/index.php?rest_route=\/wp\/v2\/pages\/413\/revisions"}],"predecessor-version":[{"id":786,"href":"https:\/\/travailetapprentissages.fr\/index.php?rest_route=\/wp\/v2\/pages\/413\/revisions\/786"}],"wp:attachment":[{"href":"https:\/\/travailetapprentissages.fr\/index.php?rest_route=%2Fwp%2Fv2%2Fmedia&parent=413"}],"curies":[{"name":"wp","href":"https:\/\/api.w.org\/{rel}","templated":true}]}}